{"id":1421,"date":"2026-02-09T16:06:48","date_gmt":"2026-02-09T15:06:48","guid":{"rendered":"https:\/\/simonabranca.com\/property\/adosado-en-venta-con-terrazas-en-el-galeon\/"},"modified":"2026-04-26T18:37:12","modified_gmt":"2026-04-26T16:37:12","slug":"maison-mitoyenne-a-vendre-avec-terrasses-a-el-galeon","status":"publish","type":"property","link":"https:\/\/simonabranca.com\/fr\/property\/adosado-en-venta-con-terrazas-en-el-galeon\/","title":{"rendered":"Maison de ville \u00e0 vendre avec terrasses \u00e0 El Gale\u00f3n."},"content":{"rendered":"<p>Spacieuse et lumineuse maison de ville \u00e0 vendre situ\u00e9e dans la prestigieuse zone r\u00e9sidentielle d'El Gale\u00f3n, Adeje, l'une des zones les plus recherch\u00e9es de la municipalit\u00e9 pour sa tranquillit\u00e9, ses excellentes communications et la proximit\u00e9 de tous les services. La propri\u00e9t\u00e9 est situ\u00e9e \u00e0 quelques m\u00e8tres du centre commercial, des arr\u00eats de transport public, du centre sportif, des restaurants et des zones de loisirs.<\/p>\n<p>La propri\u00e9t\u00e9 se distingue par sa grande terrasse ext\u00e9rieure qui entoure presque toute la propri\u00e9t\u00e9, offrant de multiples espaces ext\u00e9rieurs id\u00e9aux pour profiter du climat privil\u00e9gi\u00e9 du sud de Tenerife. Le complexe r\u00e9sidentiel dans lequel elle est int\u00e9gr\u00e9e dispose d'une piscine commune, ce qui apporte une valeur ajout\u00e9e en termes de confort et de qualit\u00e9 de vie.<\/p>\n<p>La propri\u00e9t\u00e9 est distribu\u00e9e en rez-de-chauss\u00e9e, premier \u00e9tage et sous-sol, offrant une organisation fonctionnelle et polyvalente. \u00c0 l'\u00e9tage sup\u00e9rieur, il y a trois chambres \u00e0 coucher, toutes avec des armoires encastr\u00e9es, la chambre principale avec une salle de bain en-suite. \u00c0 cet \u00e9tage, il y a \u00e9galement une deuxi\u00e8me salle de bain compl\u00e8te et une terrasse avec vue sur la mer.<\/p>\n<p>Le rez-de-chauss\u00e9e abrite une grande cuisine ind\u00e9pendante, un salon-salle \u00e0 manger spacieux et lumineux et une salle de bains de service, formant ainsi un espace de jour confortable et bien diff\u00e9renci\u00e9.<\/p>\n<p>Au rez-de-chauss\u00e9e, la propri\u00e9t\u00e9 dispose d'un mini-appartement ind\u00e9pendant, compos\u00e9 d'une chambre, d'une cuisine et d'une salle de bains, id\u00e9al pour les invit\u00e9s, la famille ou comme option de location. La buanderie et le garage priv\u00e9 sont \u00e9galement situ\u00e9s \u00e0 cet \u00e9tage.<\/p>\n<p>La propri\u00e9t\u00e9 est situ\u00e9e dans une zone r\u00e9sidentielle calme, parfaitement communiqu\u00e9e et avec un acc\u00e8s imm\u00e9diat aux supermarch\u00e9s, \u00e9coles, centres m\u00e9dicaux, installations sportives et services essentiels. Elle se trouve \u00e9galement \u00e0 quelques minutes en voiture des plages de Costa Adeje, des terrains de golf et des routes principales.<\/p>\n<p>Une propri\u00e9t\u00e9 id\u00e9ale \u00e0 la fois comme r\u00e9sidence permanente, r\u00e9sidence secondaire ou investissement, gr\u00e2ce \u00e0 son emplacement strat\u00e9gique, son espace et ses possibilit\u00e9s d'utilisation. - Test : | 28.1165471, -16.7327359<\/p>","protected":false},"excerpt":{"rendered":"<p>Se ofrece en venta amplio y luminoso adosado ubicado en la prestigiosa zona residencial de El Gale\u00f3n, Adeje, una de las \u00e1reas m\u00e1s demandadas del municipio por su tranquilidad, excelente comunicaci\u00f3n y proximidad a todos los servicios. La vivienda se encuentra a pocos metros del centro comercial, paradas de transporte p\u00fablico, centro deportivo, restaurantes y [&hellip;]<\/p>\n","protected":false},"author":0,"featured_media":1422,"parent":0,"menu_order":0,"template":"","property_type":[15],"property_status":[17],"property_feature":[],"property_label":[],"property_country":[],"property_state":[13],"property_city":[5],"property_area":[],"class_list":["post-1421","property","type-property","status-publish","has-post-thumbnail","hentry","property_type-casa-chalet","property_status-en-venta","property_state-santa-cruz-de-tenerife","property_city-adeje"],"property_meta":{"_imported_ref_1766492416":["4227430"],"_property_import_data":["<?xml version=\"1.0\"?>\n<property>\n    \n        <id>4227430<\/id>\n    \n\n    <ref>PCGT-19<\/ref>\n\n    \n    <date>2026-02-03 08:22:25<\/date>\n    \n      \n        <price>780000<\/price>\n      \n    \n    <currency>EUR<\/currency>\n    \n    \n    <price_freq>sale<\/price_freq>\n    \n    \n    \n    \n    <type>Villa<\/type>\n    \n    \n    <town>Adeje<\/town>\n    <province>Santa Cruz de Tenerife<\/province>\n    \n    <country>Espa&#xF1;a<\/country>\n    \n    <location>\n        <latitude>28.1165471<\/latitude>\n        <longitude>-16.7327359<\/longitude>\n    <\/location>\n    \n        <location_detail>Calle las Jarcias, 24, 38670<\/location_detail>\n    \n    <beds>3<\/beds>\n    <baths>3<\/baths>\n    <surface_area>\n        \n            <built>127<\/built>\n        \n        \n        <plot>312<\/plot>\n        \n    <\/surface_area>\n    <energy_rating>\n      \n        <consumption>X<\/consumption>\n      \n      \n        <emissions>X<\/emissions>\n      \n      \n    <\/energy_rating>\n    \n      <catastral>9912001CS2191S0164PY<\/catastral>\n    \n    \n        \n            <url>\n                <es>http:\/\/pcgt.pruebas.witei.com\/house\/4227430-adosado-en-venta-con-terrazas-en-el-galeon-780000eur-PCGT19\/<\/es>\n            <\/url>\n        \n    \n    \n    <desc>\n        \n        <es>Se ofrece en venta amplio y luminoso adosado ubicado en la prestigiosa zona residencial de El Gale&#xF3;n, Adeje, una de las &#xE1;reas m&#xE1;s demandadas del municipio por su tranquilidad, excelente comunicaci&#xF3;n y proximidad a todos los servicios. La vivienda se encuentra a pocos metros del centro comercial, paradas de transporte p&#xFA;blico, centro deportivo, restaurantes y zonas de ocio.\n\nLa propiedad destaca por su gran terraza exterior que rodea casi toda la vivienda, proporcionando m&#xFA;ltiples espacios al aire libre ideales para disfrutar del clima privilegiado del sur de Tenerife. El complejo residencial en el que se integra dispone de piscina comunitaria, aportando un valor a&#xF1;adido en comodidad y calidad de vida.\n\nLa vivienda se distribuye en plata baja, primera planta y planta s&#xF3;tano, ofreciendo una organizaci&#xF3;n funcional y vers&#xE1;til. En la planta superior se encuentran tres dormitorios, todos ellos con armarios empotrados, destacando el dormitorio principal con ba&#xF1;o en suite. En esta planta se dispone adem&#xE1;s de un segundo ba&#xF1;o completo y una terraza con vistas al mar.\n\nLa planta principal alberga una amplia cocina independiente, un espacioso y luminoso sal&#xF3;n-comedor y un ba&#xF1;o de servicio, conformando una zona de d&#xED;a c&#xF3;moda y bien diferenciada.\n\nEn la planta baja, la propiedad cuenta con un mini apartamento independiente, compuesto por dormitorio, cocina y ba&#xF1;o, ideal para invitados, familiares o como opci&#xF3;n de rentabilidad. En esta planta se ubican tambi&#xE9;n la zona de lavander&#xED;a y el garaje privado.\n\nLa vivienda se sit&#xFA;a en una zona residencial tranquila, perfectamente comunicada y con acceso inmediato a supermercados, colegios, centros m&#xE9;dicos, instalaciones deportivas y servicios esenciales. Asimismo, se encuentra a pocos minutos en coche de las playas de Costa Adeje, campos de golf y principales v&#xED;as de conexi&#xF3;n.\n\nUna propiedad ideal tanto como residencia habitual, segunda vivienda o inversi&#xF3;n, gracias a su ubicaci&#xF3;n estrat&#xE9;gica, amplitud y posibilidades de uso.<\/es>\n        \n        \n        \n        \n        \n        \n        \n        \n        \n        \n        \n    <\/desc>\n    \n    \n    \n    <pool>1<\/pool>\n    \n    <features>\n        \n        <feature>armarios empotrados<\/feature>\n        \n        <feature>cocina amueblada<\/feature>\n        \n        <feature>edificio con garaje<\/feature>\n        \n        <feature>exterior<\/feature>\n        \n        <feature>jard&#xED;n<\/feature>\n        \n        <feature>luminoso<\/feature>\n        \n        <feature>piscina<\/feature>\n        \n        <feature>terraza<\/feature>\n        \n    <\/features>\n    \n    \n    \n    <images>\n        \n        <image id=\"1\">\n            <url>https:\/\/d2ctzk1imdlpfx.cloudfront.net\/pics\/4227430-6e5da0b1.jpg<\/url>\n        <\/image>\n        \n        <image id=\"2\">\n            <url>https:\/\/d2ctzk1imdlpfx.cloudfront.net\/pics\/4227430-058f43c5.jpg<\/url>\n        <\/image>\n        \n        <image id=\"3\">\n            <url>https:\/\/d2ctzk1imdlpfx.cloudfront.net\/pics\/4227430-3bc64001.jpg<\/url>\n        <\/image>\n        \n        <image id=\"4\">\n            <url>https:\/\/d2ctzk1imdlpfx.cloudfront.net\/pics\/4227430-638f6b7f.jpg<\/url>\n        <\/image>\n        \n        <image id=\"5\">\n            <url>https:\/\/d2ctzk1imdlpfx.cloudfront.net\/pics\/4227430-25ad82a7.jpg<\/url>\n        <\/image>\n        \n        <image id=\"6\">\n            <url>https:\/\/d2ctzk1imdlpfx.cloudfront.net\/pics\/4227430-4a1652be.jpg<\/url>\n        <\/image>\n        \n        <image id=\"7\">\n            <url>https:\/\/d2ctzk1imdlpfx.cloudfront.net\/pics\/4227430-99f733f1.jpg<\/url>\n        <\/image>\n        \n        <image id=\"8\">\n            <url>https:\/\/d2ctzk1imdlpfx.cloudfront.net\/pics\/4227430-217c525a.jpg<\/url>\n        <\/image>\n        \n        <image id=\"9\">\n            <url>https:\/\/d2ctzk1imdlpfx.cloudfront.net\/pics\/4227430-e4d17fda.jpg<\/url>\n        <\/image>\n        \n        <image id=\"10\">\n            <url>https:\/\/d2ctzk1imdlpfx.cloudfront.net\/pics\/4227430-7c39f2bf.jpg<\/url>\n        <\/image>\n        \n        <image id=\"11\">\n            <url>https:\/\/d2ctzk1imdlpfx.cloudfront.net\/pics\/4227430-e129b203.jpg<\/url>\n        <\/image>\n        \n        <image id=\"12\">\n            <url>https:\/\/d2ctzk1imdlpfx.cloudfront.net\/pics\/4227430-c51e016f.jpg<\/url>\n        <\/image>\n        \n        <image id=\"13\">\n            <url>https:\/\/d2ctzk1imdlpfx.cloudfront.net\/pics\/4227430-1d7336da.jpg<\/url>\n        <\/image>\n        \n        <image id=\"14\">\n            <url>https:\/\/d2ctzk1imdlpfx.cloudfront.net\/pics\/4227430-64c08ff8.jpg<\/url>\n        <\/image>\n        \n        <image id=\"15\">\n            <url>https:\/\/d2ctzk1imdlpfx.cloudfront.net\/pics\/4227430-95621044.jpg<\/url>\n        <\/image>\n        \n        <image id=\"16\">\n            <url>https:\/\/d2ctzk1imdlpfx.cloudfront.net\/pics\/4227430-8ec6bf7c.jpg<\/url>\n        <\/image>\n        \n        <image id=\"17\">\n            <url>https:\/\/d2ctzk1imdlpfx.cloudfront.net\/pics\/4227430-f1a6addd.jpg<\/url>\n        <\/image>\n        \n        <image id=\"18\">\n            <url>https:\/\/d2ctzk1imdlpfx.cloudfront.net\/pics\/4227430-d8cf5a05.jpg<\/url>\n        <\/image>\n        \n        <image id=\"19\">\n            <url>https:\/\/d2ctzk1imdlpfx.cloudfront.net\/pics\/4227430-828548e9.jpg<\/url>\n        <\/image>\n        \n        <image id=\"20\">\n            <url>https:\/\/d2ctzk1imdlpfx.cloudfront.net\/pics\/4227430-ea9a181d.jpg<\/url>\n        <\/image>\n        \n        <image id=\"21\">\n            <url>https:\/\/d2ctzk1imdlpfx.cloudfront.net\/pics\/4227430-0712bf74.jpg<\/url>\n        <\/image>\n        \n        <image id=\"22\">\n            <url>https:\/\/d2ctzk1imdlpfx.cloudfront.net\/pics\/4227430-6c8bd8f6.jpg<\/url>\n        <\/image>\n        \n    <\/images>\n    \n\n    \n    \n        \n    \n\n\n    \n    \n        <title>Adosado en venta con Terrazas en el Gale&#xF3;n.<\/title>\n    \n    <district\/>\n    <zone\/>\n    <wi_data>\n        <videos>\n            \n            \n        <\/videos>\n        <type_es>Casa \/ Chalet<\/type_es>\n        <show_price>1<\/show_price>\n        <postalcode>38670<\/postalcode>\n        <district\/>\n        \n            <urbanization>Franzac<\/urbanization>\n        \n        \n            <year_built>2002<\/year_built>\n        \n        <zone\/>\n        \n        \n            <title>Adosado en venta con Terrazas en el Gale&#xF3;n.<\/title>\n        \n        <titles>\n            \n            <es>Adosado en venta con Terrazas en el Gale&#xF3;n.<\/es>\n            \n            \n            \n            \n            \n            \n            \n            \n            \n            \n            \n        <\/titles>\n        \n            <building_expenses>78<\/building_expenses>\n        \n        \n        \n        \n\n    <\/wi_data>\n\n    \n<\/property>\n"],"_thumbnail_id":["1422"],"fave_property_images":["1422","1423","1424","1425","1426","1427","1428","1429","1430","1431","1432","1433","1434","1435","1436","1437","1438","1439","1440","1441","1442","1443"],"images_stored_as_urls":[""],"fave_property_bedrooms":["3"],"fave_property_bathrooms":["3"],"fave_property_price":["780000"],"fave_property_id":["PCGT-19"],"fave_property_year":["2002"],"fave_property_zip":["38670"],"houzez_geolocation_long":["-16.7327359"],"houzez_geolocation_lat":["28.1165471"],"fave_video_url":[""],"fave_property_map":["1"],"fave_agent_display_option":["agency_info"],"fave_property_agency":["960"],"fave_property_size":["127"],"fave_property_land":["312"],"fave_gastos-comunitarios":["78"],"fave_loggedintoview":["0"],"fave_single_content_area":["global"],"fave_single_top_area":["global"],"fave_prop_homeslider":["no"],"fave_featured":["0"],"houzez_featured_listing_date":[""],"_property_import_data_time":["1777221433"],"fave_property_location":["28.1165471,-16.7327359,14"],"houzez_total_property_views":["428"],"houzez_views_by_date":["a:61:{s:10:\"02-19-2026\";i:6;s:10:\"02-20-2026\";i:4;s:10:\"02-21-2026\";i:5;s:10:\"02-22-2026\";i:7;s:10:\"02-24-2026\";i:1;s:10:\"02-25-2026\";i:8;s:10:\"02-26-2026\";i:5;s:10:\"02-27-2026\";i:1;s:10:\"02-28-2026\";i:1;s:10:\"03-01-2026\";i:9;s:10:\"03-02-2026\";i:2;s:10:\"03-03-2026\";i:18;s:10:\"03-04-2026\";i:1;s:10:\"03-05-2026\";i:1;s:10:\"03-07-2026\";i:1;s:10:\"03-08-2026\";i:2;s:10:\"03-09-2026\";i:8;s:10:\"03-10-2026\";i:1;s:10:\"03-11-2026\";i:6;s:10:\"03-12-2026\";i:6;s:10:\"03-13-2026\";i:1;s:10:\"03-14-2026\";i:2;s:10:\"03-15-2026\";i:11;s:10:\"03-16-2026\";i:3;s:10:\"03-17-2026\";i:4;s:10:\"03-18-2026\";i:7;s:10:\"03-20-2026\";i:2;s:10:\"03-21-2026\";i:6;s:10:\"03-22-2026\";i:4;s:10:\"03-24-2026\";i:1;s:10:\"03-25-2026\";i:2;s:10:\"03-26-2026\";i:1;s:10:\"03-28-2026\";i:10;s:10:\"03-29-2026\";i:6;s:10:\"03-30-2026\";i:4;s:10:\"03-31-2026\";i:5;s:10:\"04-01-2026\";i:20;s:10:\"04-02-2026\";i:2;s:10:\"04-03-2026\";i:14;s:10:\"04-04-2026\";i:2;s:10:\"04-05-2026\";i:6;s:10:\"04-06-2026\";i:7;s:10:\"04-07-2026\";i:5;s:10:\"04-08-2026\";i:7;s:10:\"04-09-2026\";i:9;s:10:\"04-10-2026\";i:5;s:10:\"04-11-2026\";i:11;s:10:\"04-12-2026\";i:8;s:10:\"04-13-2026\";i:3;s:10:\"04-14-2026\";i:8;s:10:\"04-15-2026\";i:10;s:10:\"04-16-2026\";i:9;s:10:\"04-17-2026\";i:15;s:10:\"04-18-2026\";i:9;s:10:\"04-19-2026\";i:12;s:10:\"04-20-2026\";i:9;s:10:\"04-21-2026\";i:7;s:10:\"04-22-2026\";i:8;s:10:\"04-23-2026\";i:10;s:10:\"04-24-2026\";i:2;s:10:\"04-26-2026\";i:10;}"],"houzez_recently_viewed":["2026-04-26 18:39:45"],"_elementor_page_assets":["a:0:{}"]},"_links":{"self":[{"href":"https:\/\/simonabranca.com\/fr\/wp-json\/wp\/v2\/properties\/1421","targetHints":{"allow":["GET"]}}],"collection":[{"href":"https:\/\/simonabranca.com\/fr\/wp-json\/wp\/v2\/properties"}],"about":[{"href":"https:\/\/simonabranca.com\/fr\/wp-json\/wp\/v2\/types\/property"}],"version-history":[{"count":1,"href":"https:\/\/simonabranca.com\/fr\/wp-json\/wp\/v2\/properties\/1421\/revisions"}],"predecessor-version":[{"id":1445,"href":"https:\/\/simonabranca.com\/fr\/wp-json\/wp\/v2\/properties\/1421\/revisions\/1445"}],"wp:featuredmedia":[{"embeddable":true,"href":"https:\/\/simonabranca.com\/fr\/wp-json\/wp\/v2\/media\/1422"}],"wp:attachment":[{"href":"https:\/\/simonabranca.com\/fr\/wp-json\/wp\/v2\/media?parent=1421"}],"wp:term":[{"taxonomy":"property_type","embeddable":true,"href":"https:\/\/simonabranca.com\/fr\/wp-json\/wp\/v2\/property_type?post=1421"},{"taxonomy":"property_status","embeddable":true,"href":"https:\/\/simonabranca.com\/fr\/wp-json\/wp\/v2\/property_status?post=1421"},{"taxonomy":"property_feature","embeddable":true,"href":"https:\/\/simonabranca.com\/fr\/wp-json\/wp\/v2\/property_feature?post=1421"},{"taxonomy":"property_label","embeddable":true,"href":"https:\/\/simonabranca.com\/fr\/wp-json\/wp\/v2\/property_label?post=1421"},{"taxonomy":"property_country","embeddable":true,"href":"https:\/\/simonabranca.com\/fr\/wp-json\/wp\/v2\/property_country?post=1421"},{"taxonomy":"property_state","embeddable":true,"href":"https:\/\/simonabranca.com\/fr\/wp-json\/wp\/v2\/property_state?post=1421"},{"taxonomy":"property_city","embeddable":true,"href":"https:\/\/simonabranca.com\/fr\/wp-json\/wp\/v2\/property_city?post=1421"},{"taxonomy":"property_area","embeddable":true,"href":"https:\/\/simonabranca.com\/fr\/wp-json\/wp\/v2\/property_area?post=1421"}],"curies":[{"name":"wp","href":"https:\/\/api.w.org\/{rel}","templated":true}]}}