{"id":1591,"date":"2026-03-09T14:17:21","date_gmt":"2026-03-09T13:17:21","guid":{"rendered":"https:\/\/simonabranca.com\/property\/piso-con-dos-habitaciones-y-dos-banos-en-costa-del-silencio\/"},"modified":"2026-04-26T17:34:53","modified_gmt":"2026-04-26T15:34:53","slug":"appartement-avec-deux-chambres-et-deux-salles-de-bain-a-costa-del-silencio","status":"publish","type":"property","link":"https:\/\/simonabranca.com\/fr\/property\/piso-con-dos-habitaciones-y-dos-banos-en-costa-del-silencio\/","title":{"rendered":"Appartement avec Deux Chambres et Deux Salles de Bains dans Costa del Silencio"},"content":{"rendered":"<p>Dans la zone tranquille de Costa del Silencio, au sein de l'urbanisation Primavera Frontera, nous trouvons ce spacieux appartement qui se distingue par sa distribution confortable, sa luminosit\u00e9 et l'environnement soign\u00e9 du complexe.<\/p>\n<p>La propri\u00e9t\u00e9 est accessible par des escaliers depuis la rue principale, avec un acc\u00e8s tr\u00e8s pratique et proche. Juste devant l'immeuble se trouve un parc public avec des zones de lecture, des zones de promenade et des espaces pour les sports de plein air, ce qui offre un environnement agr\u00e9able et fonctionnel pour la vie de tous les jours.<\/p>\n<p>En entrant dans l'appartement, un grand couloir distribue les diff\u00e9rentes pi\u00e8ces. Sur la gauche se trouve la premi\u00e8re salle de bains, \u00e9quip\u00e9e d'une douche, de toilettes et en bon \u00e9tat. En continuant le long du couloir, l'espace principal de l'appartement s'ouvre : un salon avec une cuisine ouverte, bien utilis\u00e9e et avec beaucoup de lumi\u00e8re naturelle.<\/p>\n<p>Depuis le salon, on acc\u00e8de \u00e0 un balcon-terrasse donnant sur les espaces paysagers du complexe. Cet espace ext\u00e9rieur est \u00e9quip\u00e9 de volets de s\u00e9curit\u00e9 et offre un endroit agr\u00e9able pour profiter de l'air frais, se d\u00e9tendre ou regarder les couchers de soleil sur les environs verdoyants du complexe.<\/p>\n<p>La propri\u00e9t\u00e9 dispose de deux chambres \u00e0 coucher. La premi\u00e8re, situ\u00e9e \u00e0 c\u00f4t\u00e9 du salon, est id\u00e9ale comme chambre d'amis, chambre d'enfant ou bureau. Au bout du couloir se trouve la chambre principale, plus grande, tr\u00e8s lumineuse et dot\u00e9e d'une salle de bains attenante. Toutes les pi\u00e8ces ont des fen\u00eatres, ce qui garantit une bonne ventilation et une lumi\u00e8re naturelle.<\/p>\n<p>Le complexe r\u00e9sidentiel offre de vastes jardins paysagers et fait actuellement l'objet d'am\u00e9liorations et de r\u00e9novations dans les parties communes, ce qui augmente la valeur et l'entretien des environs. En outre, il y a une piscine commune avec une aire de bronzage et des chaises longues, ainsi qu'une place de parking non assign\u00e9e dans le complexe.<\/p>\n<p>L'emplacement permet d'acc\u00e9der \u00e0 pied \u00e0 toutes sortes de services : supermarch\u00e9s, magasins, bars et zones de loisirs. \u00c0 proximit\u00e9 se trouve Torre de Tenbel, avec ses installations sportives et son gymnase, et \u00e0 quelques minutes de l\u00e0 se trouve la ville c\u00f4ti\u00e8re de Las Galletas, o\u00f9 vous pourrez profiter de sa promenade, de son port et de sa plage.<\/p>\n<p>Une propri\u00e9t\u00e9 spacieuse et lumineuse dans un quartier calme du sud de Tenerife, id\u00e9ale pour une r\u00e9sidence permanente, une r\u00e9sidence secondaire ou un investissement immobilier. - Test : | 28.0108904, -16.6523413<\/p>","protected":false},"excerpt":{"rendered":"<p>En la tranquila zona de Costa del Silencio, dentro de la urbanizaci\u00f3n Primavera Frontera, se encuentra este amplio apartamento que destaca por su c\u00f3moda distribuci\u00f3n, su luminosidad y el entorno cuidado del complejo. La vivienda se accede mediante escalera desde la calle principal, con un acceso muy c\u00f3modo y cercano. Justo enfrente del edificio hay [&hellip;]<\/p>\n","protected":false},"author":0,"featured_media":1592,"parent":0,"menu_order":0,"template":"","property_type":[14],"property_status":[17],"property_feature":[],"property_label":[],"property_country":[],"property_state":[13],"property_city":[4],"property_area":[],"class_list":["post-1591","property","type-property","status-publish","has-post-thumbnail","hentry","property_type-piso","property_status-en-venta","property_state-santa-cruz-de-tenerife","property_city-arona"],"property_meta":{"_imported_ref_1766492416":["4236684"],"_property_import_data":["<?xml version=\"1.0\"?>\n<property>\n    \n        <id>4236684<\/id>\n    \n\n    <ref>PCGT-26<\/ref>\n\n    \n    <date>2026-03-09 13:03:56<\/date>\n    \n      \n        <price>300000<\/price>\n      \n    \n    <currency>EUR<\/currency>\n    \n    \n    <price_freq>sale<\/price_freq>\n    \n    \n    \n    \n    <type>Flat<\/type>\n    \n    \n    <town>Arona<\/town>\n    <province>Santa Cruz de Tenerife<\/province>\n    \n    <country>Espa&#xF1;a<\/country>\n    \n    <location>\n        <latitude>28.0108904<\/latitude>\n        <longitude>-16.6523413<\/longitude>\n    <\/location>\n    \n        <location_detail>Calle Ten-bel, 1, 38631<\/location_detail>\n    \n    <beds>2<\/beds>\n    <baths>2<\/baths>\n    <surface_area>\n        \n            <built>103<\/built>\n        \n        \n    <\/surface_area>\n    <energy_rating>\n      \n        <consumption>G<\/consumption>\n      \n      \n        <emissions>G<\/emissions>\n      \n      \n    <\/energy_rating>\n    \n      <catastral>7798101CR3979N0334MP<\/catastral>\n    \n    \n        \n            <url>\n                <es>http:\/\/pcgt.pruebas.witei.com\/house\/4236684-piso-con-dos-habitaciones-y-dos-banos-en-costa-del-silencio-300000eur-PCGT26\/<\/es>\n            <\/url>\n        \n    \n    \n    <desc>\n        \n        <es>En la tranquila zona de Costa del Silencio, dentro de la urbanizaci&#xF3;n Primavera Frontera, se encuentra este amplio apartamento que destaca por su c&#xF3;moda distribuci&#xF3;n, su luminosidad y el entorno cuidado del complejo.\n\nLa vivienda se accede mediante escalera desde la calle principal, con un acceso muy c&#xF3;modo y cercano. Justo enfrente del edificio hay un parque p&#xFA;blico con zonas de lectura, &#xE1;reas para pasear y espacios destinados a la pr&#xE1;ctica de deporte al aire libre, lo que aporta un entorno agradable y funcional en el d&#xED;a a d&#xED;a.\n\nAl entrar en el apartamento encontramos un pasillo amplio que distribuye las diferentes estancias. A mano izquierda se sit&#xFA;a el primer ba&#xF1;o, equipado con ducha, sanitarios y en buen estado de conservaci&#xF3;n. Continuando por el pasillo se abre la zona principal de la vivienda: un espacio de sal&#xF3;n con cocina abierta, bien aprovechado y con abundante luz natural.\n\nDesde el sal&#xF3;n se accede a un balc&#xF3;n-terraza orientado hacia las zonas ajardinadas del complejo. Este espacio exterior cuenta con persiana de seguridad y ofrece un lugar agradable para disfrutar del aire libre, relajarse o contemplar los atardeceres con vistas al entorno verde de la urbanizaci&#xF3;n.\n\nLa vivienda dispone de dos dormitorios. El primero, situado junto al sal&#xF3;n, es ideal como habitaci&#xF3;n de invitados, dormitorio infantil o despacho. Al fondo del pasillo se encuentra el dormitorio principal, de mayor tama&#xF1;o, muy luminoso y con ba&#xF1;o en suite. Todas las estancias cuentan con ventanas, lo que garantiza buena ventilaci&#xF3;n y entrada de luz natural.\n\nEl complejo residencial ofrece amplias zonas ajardinadas y actualmente se est&#xE1;n realizando mejoras y renovaciones en las zonas comunes, lo que incrementa el valor y el cuidado del entorno. Adem&#xE1;s, dispone de piscina comunitaria con zona sol&#xE1;rium y tumbonas, as&#xED; como plaza de aparcamiento dentro del complejo sin asignaci&#xF3;n espec&#xED;fica.\n\nLa ubicaci&#xF3;n permite tener a poca distancia todo tipo de servicios: supermercados, comercios, bares y zonas de ocio. Muy cerca se encuentra Torre de Tenbel, con instalaciones deportivas y gimnasio, y a pocos minutos la localidad costera de Las Galletas, donde se puede disfrutar de su paseo mar&#xED;timo, su puerto y su playa.\n\nUna vivienda espaciosa y luminosa en una zona tranquila del sur de Tenerife, ideal tanto como residencia habitual, segunda vivienda o inversi&#xF3;n.<\/es>\n        \n        \n        \n        \n        \n        \n        \n        \n        \n        \n        \n    <\/desc>\n    \n    \n    \n    <features>\n        \n        <feature>amueblado<\/feature>\n        \n        <feature>armarios empotrados<\/feature>\n        \n        <feature>cocina equipada<\/feature>\n        \n        <feature>edificio con garaje<\/feature>\n        \n        <feature>exterior<\/feature>\n        \n        <feature>luminoso<\/feature>\n        \n        <feature>terraza<\/feature>\n        \n    <\/features>\n    \n    \n    \n    <images>\n        \n        <image id=\"1\">\n            <url>https:\/\/d2ctzk1imdlpfx.cloudfront.net\/pics\/4236684-40d715e1.jpg<\/url>\n        <\/image>\n        \n        <image id=\"2\">\n            <url>https:\/\/d2ctzk1imdlpfx.cloudfront.net\/pics\/4236684-6ef8f6c1.jpg<\/url>\n        <\/image>\n        \n        <image id=\"3\">\n            <url>https:\/\/d2ctzk1imdlpfx.cloudfront.net\/pics\/4236684-f92c53e6.jpg<\/url>\n        <\/image>\n        \n        <image id=\"4\">\n            <url>https:\/\/d2ctzk1imdlpfx.cloudfront.net\/pics\/4236684-febee6a3.jpg<\/url>\n        <\/image>\n        \n        <image id=\"5\">\n            <url>https:\/\/d2ctzk1imdlpfx.cloudfront.net\/pics\/4236684-29de586b.jpg<\/url>\n        <\/image>\n        \n        <image id=\"6\">\n            <url>https:\/\/d2ctzk1imdlpfx.cloudfront.net\/pics\/4236684-478f6d11.jpg<\/url>\n        <\/image>\n        \n        <image id=\"7\">\n            <url>https:\/\/d2ctzk1imdlpfx.cloudfront.net\/pics\/4236684-51749a46.jpg<\/url>\n        <\/image>\n        \n        <image id=\"8\">\n            <url>https:\/\/d2ctzk1imdlpfx.cloudfront.net\/pics\/4236684-28a2b8ce.jpg<\/url>\n        <\/image>\n        \n        <image id=\"9\">\n            <url>https:\/\/d2ctzk1imdlpfx.cloudfront.net\/pics\/4236684-914269c9.jpg<\/url>\n        <\/image>\n        \n        <image id=\"10\">\n            <url>https:\/\/d2ctzk1imdlpfx.cloudfront.net\/pics\/4236684-2e524bb8.jpg<\/url>\n        <\/image>\n        \n        <image id=\"11\">\n            <url>https:\/\/d2ctzk1imdlpfx.cloudfront.net\/pics\/4236684-6ad6d7c8.jpg<\/url>\n        <\/image>\n        \n        <image id=\"12\">\n            <url>https:\/\/d2ctzk1imdlpfx.cloudfront.net\/pics\/4236684-6aa9abeb.jpg<\/url>\n        <\/image>\n        \n        <image id=\"13\">\n            <url>https:\/\/d2ctzk1imdlpfx.cloudfront.net\/pics\/4236684-f3f87713.jpg<\/url>\n        <\/image>\n        \n        <image id=\"14\">\n            <url>https:\/\/d2ctzk1imdlpfx.cloudfront.net\/pics\/4236684-5c9bcd09.jpg<\/url>\n        <\/image>\n        \n        <image id=\"15\">\n            <url>https:\/\/d2ctzk1imdlpfx.cloudfront.net\/pics\/4236684-d711f1e8.jpg<\/url>\n        <\/image>\n        \n        <image id=\"16\">\n            <url>https:\/\/d2ctzk1imdlpfx.cloudfront.net\/pics\/4236684-410e0d6d.jpg<\/url>\n        <\/image>\n        \n        <image id=\"17\">\n            <url>https:\/\/d2ctzk1imdlpfx.cloudfront.net\/pics\/4236684-32ddf191.jpg<\/url>\n        <\/image>\n        \n        <image id=\"18\">\n            <url>https:\/\/d2ctzk1imdlpfx.cloudfront.net\/pics\/4236684-4163120a.jpg<\/url>\n        <\/image>\n        \n        <image id=\"19\">\n            <url>https:\/\/d2ctzk1imdlpfx.cloudfront.net\/pics\/4236684-e4dfc6af.jpg<\/url>\n        <\/image>\n        \n        <image id=\"20\">\n            <url>https:\/\/d2ctzk1imdlpfx.cloudfront.net\/pics\/4236684-70bb1b70.jpg<\/url>\n        <\/image>\n        \n        <image id=\"21\">\n            <url>https:\/\/d2ctzk1imdlpfx.cloudfront.net\/pics\/4236684-8cb7c377.jpg<\/url>\n        <\/image>\n        \n        <image id=\"22\">\n            <url>https:\/\/d2ctzk1imdlpfx.cloudfront.net\/pics\/4236684-f210e8e5.jpg<\/url>\n        <\/image>\n        \n        <image id=\"23\">\n            <url>https:\/\/d2ctzk1imdlpfx.cloudfront.net\/pics\/4236684-92541134.jpg<\/url>\n        <\/image>\n        \n        <image id=\"24\">\n            <url>https:\/\/d2ctzk1imdlpfx.cloudfront.net\/pics\/4236684-bc91e521.jpg<\/url>\n        <\/image>\n        \n        <image id=\"25\">\n            <url>https:\/\/d2ctzk1imdlpfx.cloudfront.net\/pics\/4236684-0b6193b8.jpg<\/url>\n        <\/image>\n        \n        <image id=\"26\">\n            <url>https:\/\/d2ctzk1imdlpfx.cloudfront.net\/pics\/4236684-665b9579.jpg<\/url>\n        <\/image>\n        \n        <image id=\"27\">\n            <url>https:\/\/d2ctzk1imdlpfx.cloudfront.net\/pics\/4236684-7b74c292.jpg<\/url>\n        <\/image>\n        \n        <image id=\"28\">\n            <url>https:\/\/d2ctzk1imdlpfx.cloudfront.net\/pics\/4236684-2222beb7.jpg<\/url>\n        <\/image>\n        \n    <\/images>\n    \n\n    \n    \n        \n    \n\n\n    \n    \n        <title>Piso con Dos Habitaciones y Dos Ba&#xF1;os en Costa del Silencio<\/title>\n    \n    <district\/>\n    <zone\/>\n    <wi_data>\n        <videos>\n            \n            \n        <\/videos>\n        <type_es>Piso<\/type_es>\n        <show_price>1<\/show_price>\n        <postalcode>38631<\/postalcode>\n        <district\/>\n        \n            <urbanization>Primavera Frontera<\/urbanization>\n        \n        \n            <year_built>1975<\/year_built>\n        \n        <zone\/>\n        \n            <energy_rating_values>\n                \n                    <consumption_value>186,65<\/consumption_value>\n                \n                \n                    <emissions_value>52,51<\/emissions_value>\n                \n            <\/energy_rating_values>\n        \n        \n            <title>Piso con Dos Habitaciones y Dos Ba&#xF1;os en Costa del Silencio<\/title>\n        \n        <titles>\n            \n            <es>Piso con Dos Habitaciones y Dos Ba&#xF1;os en Costa del Silencio<\/es>\n            \n            \n            \n            \n            \n            \n            \n            \n            \n            \n            \n        <\/titles>\n        \n            <building_expenses>300<\/building_expenses>\n        \n        \n        \n            <floor>1<\/floor>\n        \n        \n\n    <\/wi_data>\n\n    \n<\/property>\n"],"_thumbnail_id":["1592"],"fave_property_images":["1592","1593","1594","1595","1596","1597","1598","1599","1600","1601","1602","1603","1604","1605","1606","1607","1608","1609","1610","1611","1612","1613","1614","1615","1616","1617","1618","1619"],"images_stored_as_urls":[""],"fave_property_bedrooms":["2"],"fave_property_bathrooms":["2"],"fave_property_price":["300000"],"fave_property_id":["PCGT-26"],"fave_property_year":["1975"],"fave_property_zip":["38631"],"houzez_geolocation_long":["-16.6523413"],"houzez_geolocation_lat":["28.0108904"],"fave_epc_current_rating":[""],"fave_video_url":[""],"fave_property_map":["1"],"fave_agent_display_option":["agency_info"],"fave_property_agency":["960"],"fave_property_size":["103"],"fave_gastos-comunitarios":["300"],"fave_loggedintoview":["0"],"fave_single_content_area":["global"],"fave_single_top_area":["global"],"fave_prop_homeslider":["no"],"fave_featured":["0"],"houzez_featured_listing_date":[""],"_property_import_data_time":["1777217694"],"fave_property_location":["28.0108904,-16.6523413,14"],"houzez_total_property_views":["424"],"houzez_views_by_date":["a:47:{s:10:\"03-09-2026\";i:22;s:10:\"03-10-2026\";i:10;s:10:\"03-11-2026\";i:2;s:10:\"03-12-2026\";i:2;s:10:\"03-13-2026\";i:5;s:10:\"03-14-2026\";i:5;s:10:\"03-15-2026\";i:21;s:10:\"03-16-2026\";i:15;s:10:\"03-17-2026\";i:12;s:10:\"03-18-2026\";i:1;s:10:\"03-19-2026\";i:6;s:10:\"03-20-2026\";i:1;s:10:\"03-21-2026\";i:8;s:10:\"03-22-2026\";i:2;s:10:\"03-24-2026\";i:2;s:10:\"03-26-2026\";i:2;s:10:\"03-27-2026\";i:19;s:10:\"03-28-2026\";i:8;s:10:\"03-29-2026\";i:2;s:10:\"03-30-2026\";i:3;s:10:\"03-31-2026\";i:11;s:10:\"04-01-2026\";i:5;s:10:\"04-02-2026\";i:7;s:10:\"04-03-2026\";i:20;s:10:\"04-04-2026\";i:4;s:10:\"04-05-2026\";i:15;s:10:\"04-06-2026\";i:9;s:10:\"04-07-2026\";i:6;s:10:\"04-08-2026\";i:7;s:10:\"04-09-2026\";i:4;s:10:\"04-10-2026\";i:2;s:10:\"04-11-2026\";i:10;s:10:\"04-12-2026\";i:6;s:10:\"04-13-2026\";i:7;s:10:\"04-14-2026\";i:11;s:10:\"04-15-2026\";i:14;s:10:\"04-16-2026\";i:9;s:10:\"04-17-2026\";i:25;s:10:\"04-18-2026\";i:10;s:10:\"04-19-2026\";i:16;s:10:\"04-20-2026\";i:12;s:10:\"04-21-2026\";i:11;s:10:\"04-22-2026\";i:16;s:10:\"04-23-2026\";i:15;s:10:\"04-24-2026\";i:8;s:10:\"04-25-2026\";i:4;s:10:\"04-26-2026\";i:12;}"],"houzez_recently_viewed":["2026-04-26 17:37:39"],"_elementor_page_assets":["a:0:{}"]},"_links":{"self":[{"href":"https:\/\/simonabranca.com\/fr\/wp-json\/wp\/v2\/properties\/1591","targetHints":{"allow":["GET"]}}],"collection":[{"href":"https:\/\/simonabranca.com\/fr\/wp-json\/wp\/v2\/properties"}],"about":[{"href":"https:\/\/simonabranca.com\/fr\/wp-json\/wp\/v2\/types\/property"}],"version-history":[{"count":1,"href":"https:\/\/simonabranca.com\/fr\/wp-json\/wp\/v2\/properties\/1591\/revisions"}],"predecessor-version":[{"id":1620,"href":"https:\/\/simonabranca.com\/fr\/wp-json\/wp\/v2\/properties\/1591\/revisions\/1620"}],"wp:featuredmedia":[{"embeddable":true,"href":"https:\/\/simonabranca.com\/fr\/wp-json\/wp\/v2\/media\/1592"}],"wp:attachment":[{"href":"https:\/\/simonabranca.com\/fr\/wp-json\/wp\/v2\/media?parent=1591"}],"wp:term":[{"taxonomy":"property_type","embeddable":true,"href":"https:\/\/simonabranca.com\/fr\/wp-json\/wp\/v2\/property_type?post=1591"},{"taxonomy":"property_status","embeddable":true,"href":"https:\/\/simonabranca.com\/fr\/wp-json\/wp\/v2\/property_status?post=1591"},{"taxonomy":"property_feature","embeddable":true,"href":"https:\/\/simonabranca.com\/fr\/wp-json\/wp\/v2\/property_feature?post=1591"},{"taxonomy":"property_label","embeddable":true,"href":"https:\/\/simonabranca.com\/fr\/wp-json\/wp\/v2\/property_label?post=1591"},{"taxonomy":"property_country","embeddable":true,"href":"https:\/\/simonabranca.com\/fr\/wp-json\/wp\/v2\/property_country?post=1591"},{"taxonomy":"property_state","embeddable":true,"href":"https:\/\/simonabranca.com\/fr\/wp-json\/wp\/v2\/property_state?post=1591"},{"taxonomy":"property_city","embeddable":true,"href":"https:\/\/simonabranca.com\/fr\/wp-json\/wp\/v2\/property_city?post=1591"},{"taxonomy":"property_area","embeddable":true,"href":"https:\/\/simonabranca.com\/fr\/wp-json\/wp\/v2\/property_area?post=1591"}],"curies":[{"name":"wp","href":"https:\/\/api.w.org\/{rel}","templated":true}]}}