{"id":1421,"date":"2026-02-09T16:06:48","date_gmt":"2026-02-09T15:06:48","guid":{"rendered":"https:\/\/simonabranca.com\/property\/adosado-en-venta-con-terrazas-en-el-galeon\/"},"modified":"2026-04-26T18:37:12","modified_gmt":"2026-04-26T16:37:12","slug":"dom-szeregowy-na-sprzedaz-z-tarasami-w-el-galeon","status":"publish","type":"property","link":"https:\/\/simonabranca.com\/pl\/property\/adosado-en-venta-con-terrazas-en-el-galeon\/","title":{"rendered":"Kamienica na sprzeda\u017c z tarasami w El Gale\u00f3n."},"content":{"rendered":"<p>Przestronna i jasna kamienica na sprzeda\u017c po\u0142o\u017cona w presti\u017cowej dzielnicy mieszkalnej El Gale\u00f3n, Adeje, jednym z najbardziej poszukiwanych obszar\u00f3w gminy ze wzgl\u0119du na spok\u00f3j, doskona\u0142\u0105 komunikacj\u0119 i blisko\u015b\u0107 wszystkich us\u0142ug. Nieruchomo\u015b\u0107 znajduje si\u0119 zaledwie kilka metr\u00f3w od centrum handlowego, przystank\u00f3w transportu publicznego, centrum sportowego, restauracji i teren\u00f3w rekreacyjnych.<\/p>\n<p>Nieruchomo\u015b\u0107 wyr\u00f3\u017cnia si\u0119 du\u017cym tarasem zewn\u0119trznym, kt\u00f3ry otacza prawie ca\u0142\u0105 nieruchomo\u015b\u0107, zapewniaj\u0105c wiele przestrzeni zewn\u0119trznych idealnych do korzystania z uprzywilejowanego klimatu po\u0142udniowej Teneryfy. Kompleks mieszkalny, w kt\u00f3rym jest zintegrowany, posiada wsp\u00f3lny basen, zapewniaj\u0105c dodatkow\u0105 warto\u015b\u0107 w zakresie komfortu i jako\u015bci \u017cycia.<\/p>\n<p>Nieruchomo\u015b\u0107 jest podzielona na parter, pierwsze pi\u0119tro i piwnic\u0119, oferuj\u0105c funkcjonaln\u0105 i wszechstronn\u0105 organizacj\u0119. Na pi\u0119trze znajduj\u0105 si\u0119 trzy sypialnie, wszystkie z wbudowanymi szafami, g\u0142\u00f3wna sypialnia z \u0142azienk\u0105. Na tym pi\u0119trze znajduje si\u0119 r\u00f3wnie\u017c druga kompletna \u0142azienka i taras z widokiem na morze.<\/p>\n<p>Na g\u0142\u00f3wnym pi\u0119trze znajduje si\u0119 du\u017ca niezale\u017cna kuchnia, przestronny i jasny salon-jadalnia oraz \u0142azienka, tworz\u0105c wygodn\u0105 i zr\u00f3\u017cnicowan\u0105 cz\u0119\u015b\u0107 dzienn\u0105.<\/p>\n<p>Na parterze nieruchomo\u015bci znajduje si\u0119 niezale\u017cne mini mieszkanie, sk\u0142adaj\u0105ce si\u0119 z sypialni, kuchni i \u0142azienki, idealne dla go\u015bci, rodziny lub jako opcja wynajmu. Na tym pi\u0119trze znajduje si\u0119 r\u00f3wnie\u017c pralnia i prywatny gara\u017c.<\/p>\n<p>Nieruchomo\u015b\u0107 po\u0142o\u017cona jest w cichej dzielnicy mieszkalnej, doskonale skomunikowanej i z bezpo\u015brednim dost\u0119pem do supermarket\u00f3w, szk\u00f3\u0142, centr\u00f3w medycznych, obiekt\u00f3w sportowych i podstawowych us\u0142ug. Znajduje si\u0119 r\u00f3wnie\u017c zaledwie kilka minut jazdy od pla\u017c Costa Adeje, p\u00f3l golfowych i g\u0142\u00f3wnych dr\u00f3g.<\/p>\n<p>Idealna nieruchomo\u015b\u0107 zar\u00f3wno jako miejsce sta\u0142ego zamieszkania, drugi dom lub inwestycja, dzi\u0119ki strategicznej lokalizacji, przestronno\u015bci i mo\u017cliwo\u015bciom wykorzystania. - Test: | 28.1165471, -16.7327359<\/p>","protected":false},"excerpt":{"rendered":"<p>Se ofrece en venta amplio y luminoso adosado ubicado en la prestigiosa zona residencial de El Gale\u00f3n, Adeje, una de las \u00e1reas m\u00e1s demandadas del municipio por su tranquilidad, excelente comunicaci\u00f3n y proximidad a todos los servicios. La vivienda se encuentra a pocos metros del centro comercial, paradas de transporte p\u00fablico, centro deportivo, restaurantes y [&hellip;]<\/p>\n","protected":false},"author":0,"featured_media":1422,"parent":0,"menu_order":0,"template":"","property_type":[15],"property_status":[17],"property_feature":[],"property_label":[],"property_country":[],"property_state":[13],"property_city":[5],"property_area":[],"class_list":["post-1421","property","type-property","status-publish","has-post-thumbnail","hentry","property_type-casa-chalet","property_status-en-venta","property_state-santa-cruz-de-tenerife","property_city-adeje"],"property_meta":{"_imported_ref_1766492416":["4227430"],"_property_import_data":["<?xml version=\"1.0\"?>\n<property>\n    \n        <id>4227430<\/id>\n    \n\n    <ref>PCGT-19<\/ref>\n\n    \n    <date>2026-02-03 08:22:25<\/date>\n    \n      \n        <price>780000<\/price>\n      \n    \n    <currency>EUR<\/currency>\n    \n    \n    <price_freq>sale<\/price_freq>\n    \n    \n    \n    \n    <type>Villa<\/type>\n    \n    \n    <town>Adeje<\/town>\n    <province>Santa Cruz de Tenerife<\/province>\n    \n    <country>Espa&#xF1;a<\/country>\n    \n    <location>\n        <latitude>28.1165471<\/latitude>\n        <longitude>-16.7327359<\/longitude>\n    <\/location>\n    \n        <location_detail>Calle las Jarcias, 24, 38670<\/location_detail>\n    \n    <beds>3<\/beds>\n    <baths>3<\/baths>\n    <surface_area>\n        \n            <built>127<\/built>\n        \n        \n        <plot>312<\/plot>\n        \n    <\/surface_area>\n    <energy_rating>\n      \n        <consumption>X<\/consumption>\n      \n      \n        <emissions>X<\/emissions>\n      \n      \n    <\/energy_rating>\n    \n      <catastral>9912001CS2191S0164PY<\/catastral>\n    \n    \n        \n            <url>\n                <es>http:\/\/pcgt.pruebas.witei.com\/house\/4227430-adosado-en-venta-con-terrazas-en-el-galeon-780000eur-PCGT19\/<\/es>\n            <\/url>\n        \n    \n    \n    <desc>\n        \n        <es>Se ofrece en venta amplio y luminoso adosado ubicado en la prestigiosa zona residencial de El Gale&#xF3;n, Adeje, una de las &#xE1;reas m&#xE1;s demandadas del municipio por su tranquilidad, excelente comunicaci&#xF3;n y proximidad a todos los servicios. La vivienda se encuentra a pocos metros del centro comercial, paradas de transporte p&#xFA;blico, centro deportivo, restaurantes y zonas de ocio.\n\nLa propiedad destaca por su gran terraza exterior que rodea casi toda la vivienda, proporcionando m&#xFA;ltiples espacios al aire libre ideales para disfrutar del clima privilegiado del sur de Tenerife. El complejo residencial en el que se integra dispone de piscina comunitaria, aportando un valor a&#xF1;adido en comodidad y calidad de vida.\n\nLa vivienda se distribuye en plata baja, primera planta y planta s&#xF3;tano, ofreciendo una organizaci&#xF3;n funcional y vers&#xE1;til. En la planta superior se encuentran tres dormitorios, todos ellos con armarios empotrados, destacando el dormitorio principal con ba&#xF1;o en suite. En esta planta se dispone adem&#xE1;s de un segundo ba&#xF1;o completo y una terraza con vistas al mar.\n\nLa planta principal alberga una amplia cocina independiente, un espacioso y luminoso sal&#xF3;n-comedor y un ba&#xF1;o de servicio, conformando una zona de d&#xED;a c&#xF3;moda y bien diferenciada.\n\nEn la planta baja, la propiedad cuenta con un mini apartamento independiente, compuesto por dormitorio, cocina y ba&#xF1;o, ideal para invitados, familiares o como opci&#xF3;n de rentabilidad. En esta planta se ubican tambi&#xE9;n la zona de lavander&#xED;a y el garaje privado.\n\nLa vivienda se sit&#xFA;a en una zona residencial tranquila, perfectamente comunicada y con acceso inmediato a supermercados, colegios, centros m&#xE9;dicos, instalaciones deportivas y servicios esenciales. Asimismo, se encuentra a pocos minutos en coche de las playas de Costa Adeje, campos de golf y principales v&#xED;as de conexi&#xF3;n.\n\nUna propiedad ideal tanto como residencia habitual, segunda vivienda o inversi&#xF3;n, gracias a su ubicaci&#xF3;n estrat&#xE9;gica, amplitud y posibilidades de uso.<\/es>\n        \n        \n        \n        \n        \n        \n        \n        \n        \n        \n        \n    <\/desc>\n    \n    \n    \n    <pool>1<\/pool>\n    \n    <features>\n        \n        <feature>armarios empotrados<\/feature>\n        \n        <feature>cocina amueblada<\/feature>\n        \n        <feature>edificio con garaje<\/feature>\n        \n        <feature>exterior<\/feature>\n        \n        <feature>jard&#xED;n<\/feature>\n        \n        <feature>luminoso<\/feature>\n        \n        <feature>piscina<\/feature>\n        \n        <feature>terraza<\/feature>\n        \n    <\/features>\n    \n    \n    \n    <images>\n        \n        <image id=\"1\">\n            <url>https:\/\/d2ctzk1imdlpfx.cloudfront.net\/pics\/4227430-6e5da0b1.jpg<\/url>\n        <\/image>\n        \n        <image id=\"2\">\n            <url>https:\/\/d2ctzk1imdlpfx.cloudfront.net\/pics\/4227430-058f43c5.jpg<\/url>\n        <\/image>\n        \n        <image id=\"3\">\n            <url>https:\/\/d2ctzk1imdlpfx.cloudfront.net\/pics\/4227430-3bc64001.jpg<\/url>\n        <\/image>\n        \n        <image id=\"4\">\n            <url>https:\/\/d2ctzk1imdlpfx.cloudfront.net\/pics\/4227430-638f6b7f.jpg<\/url>\n        <\/image>\n        \n        <image id=\"5\">\n            <url>https:\/\/d2ctzk1imdlpfx.cloudfront.net\/pics\/4227430-25ad82a7.jpg<\/url>\n        <\/image>\n        \n        <image id=\"6\">\n            <url>https:\/\/d2ctzk1imdlpfx.cloudfront.net\/pics\/4227430-4a1652be.jpg<\/url>\n        <\/image>\n        \n        <image id=\"7\">\n            <url>https:\/\/d2ctzk1imdlpfx.cloudfront.net\/pics\/4227430-99f733f1.jpg<\/url>\n        <\/image>\n        \n        <image id=\"8\">\n            <url>https:\/\/d2ctzk1imdlpfx.cloudfront.net\/pics\/4227430-217c525a.jpg<\/url>\n        <\/image>\n        \n        <image id=\"9\">\n            <url>https:\/\/d2ctzk1imdlpfx.cloudfront.net\/pics\/4227430-e4d17fda.jpg<\/url>\n        <\/image>\n        \n        <image id=\"10\">\n            <url>https:\/\/d2ctzk1imdlpfx.cloudfront.net\/pics\/4227430-7c39f2bf.jpg<\/url>\n        <\/image>\n        \n        <image id=\"11\">\n            <url>https:\/\/d2ctzk1imdlpfx.cloudfront.net\/pics\/4227430-e129b203.jpg<\/url>\n        <\/image>\n        \n        <image id=\"12\">\n            <url>https:\/\/d2ctzk1imdlpfx.cloudfront.net\/pics\/4227430-c51e016f.jpg<\/url>\n        <\/image>\n        \n        <image id=\"13\">\n            <url>https:\/\/d2ctzk1imdlpfx.cloudfront.net\/pics\/4227430-1d7336da.jpg<\/url>\n        <\/image>\n        \n        <image id=\"14\">\n            <url>https:\/\/d2ctzk1imdlpfx.cloudfront.net\/pics\/4227430-64c08ff8.jpg<\/url>\n        <\/image>\n        \n        <image id=\"15\">\n            <url>https:\/\/d2ctzk1imdlpfx.cloudfront.net\/pics\/4227430-95621044.jpg<\/url>\n        <\/image>\n        \n        <image id=\"16\">\n            <url>https:\/\/d2ctzk1imdlpfx.cloudfront.net\/pics\/4227430-8ec6bf7c.jpg<\/url>\n        <\/image>\n        \n        <image id=\"17\">\n            <url>https:\/\/d2ctzk1imdlpfx.cloudfront.net\/pics\/4227430-f1a6addd.jpg<\/url>\n        <\/image>\n        \n        <image id=\"18\">\n            <url>https:\/\/d2ctzk1imdlpfx.cloudfront.net\/pics\/4227430-d8cf5a05.jpg<\/url>\n        <\/image>\n        \n        <image id=\"19\">\n            <url>https:\/\/d2ctzk1imdlpfx.cloudfront.net\/pics\/4227430-828548e9.jpg<\/url>\n        <\/image>\n        \n        <image id=\"20\">\n            <url>https:\/\/d2ctzk1imdlpfx.cloudfront.net\/pics\/4227430-ea9a181d.jpg<\/url>\n        <\/image>\n        \n        <image id=\"21\">\n            <url>https:\/\/d2ctzk1imdlpfx.cloudfront.net\/pics\/4227430-0712bf74.jpg<\/url>\n        <\/image>\n        \n        <image id=\"22\">\n            <url>https:\/\/d2ctzk1imdlpfx.cloudfront.net\/pics\/4227430-6c8bd8f6.jpg<\/url>\n        <\/image>\n        \n    <\/images>\n    \n\n    \n    \n        \n    \n\n\n    \n    \n        <title>Adosado en venta con Terrazas en el Gale&#xF3;n.<\/title>\n    \n    <district\/>\n    <zone\/>\n    <wi_data>\n        <videos>\n            \n            \n        <\/videos>\n        <type_es>Casa \/ Chalet<\/type_es>\n        <show_price>1<\/show_price>\n        <postalcode>38670<\/postalcode>\n        <district\/>\n        \n            <urbanization>Franzac<\/urbanization>\n        \n        \n            <year_built>2002<\/year_built>\n        \n        <zone\/>\n        \n        \n            <title>Adosado en venta con Terrazas en el Gale&#xF3;n.<\/title>\n        \n        <titles>\n            \n            <es>Adosado en venta con Terrazas en el Gale&#xF3;n.<\/es>\n            \n            \n            \n            \n            \n            \n            \n            \n            \n            \n            \n        <\/titles>\n        \n            <building_expenses>78<\/building_expenses>\n        \n        \n        \n        \n\n    <\/wi_data>\n\n    \n<\/property>\n"],"_thumbnail_id":["1422"],"fave_property_images":["1422","1423","1424","1425","1426","1427","1428","1429","1430","1431","1432","1433","1434","1435","1436","1437","1438","1439","1440","1441","1442","1443"],"images_stored_as_urls":[""],"fave_property_bedrooms":["3"],"fave_property_bathrooms":["3"],"fave_property_price":["780000"],"fave_property_id":["PCGT-19"],"fave_property_year":["2002"],"fave_property_zip":["38670"],"houzez_geolocation_long":["-16.7327359"],"houzez_geolocation_lat":["28.1165471"],"fave_video_url":[""],"fave_property_map":["1"],"fave_agent_display_option":["agency_info"],"fave_property_agency":["960"],"fave_property_size":["127"],"fave_property_land":["312"],"fave_gastos-comunitarios":["78"],"fave_loggedintoview":["0"],"fave_single_content_area":["global"],"fave_single_top_area":["global"],"fave_prop_homeslider":["no"],"fave_featured":["0"],"houzez_featured_listing_date":[""],"_property_import_data_time":["1777221433"],"fave_property_location":["28.1165471,-16.7327359,14"],"houzez_total_property_views":["427"],"houzez_views_by_date":["a:61:{s:10:\"02-19-2026\";i:6;s:10:\"02-20-2026\";i:4;s:10:\"02-21-2026\";i:5;s:10:\"02-22-2026\";i:7;s:10:\"02-24-2026\";i:1;s:10:\"02-25-2026\";i:8;s:10:\"02-26-2026\";i:5;s:10:\"02-27-2026\";i:1;s:10:\"02-28-2026\";i:1;s:10:\"03-01-2026\";i:9;s:10:\"03-02-2026\";i:2;s:10:\"03-03-2026\";i:18;s:10:\"03-04-2026\";i:1;s:10:\"03-05-2026\";i:1;s:10:\"03-07-2026\";i:1;s:10:\"03-08-2026\";i:2;s:10:\"03-09-2026\";i:8;s:10:\"03-10-2026\";i:1;s:10:\"03-11-2026\";i:6;s:10:\"03-12-2026\";i:6;s:10:\"03-13-2026\";i:1;s:10:\"03-14-2026\";i:2;s:10:\"03-15-2026\";i:11;s:10:\"03-16-2026\";i:3;s:10:\"03-17-2026\";i:4;s:10:\"03-18-2026\";i:7;s:10:\"03-20-2026\";i:2;s:10:\"03-21-2026\";i:6;s:10:\"03-22-2026\";i:4;s:10:\"03-24-2026\";i:1;s:10:\"03-25-2026\";i:2;s:10:\"03-26-2026\";i:1;s:10:\"03-28-2026\";i:10;s:10:\"03-29-2026\";i:6;s:10:\"03-30-2026\";i:4;s:10:\"03-31-2026\";i:5;s:10:\"04-01-2026\";i:20;s:10:\"04-02-2026\";i:2;s:10:\"04-03-2026\";i:14;s:10:\"04-04-2026\";i:2;s:10:\"04-05-2026\";i:6;s:10:\"04-06-2026\";i:7;s:10:\"04-07-2026\";i:5;s:10:\"04-08-2026\";i:7;s:10:\"04-09-2026\";i:9;s:10:\"04-10-2026\";i:5;s:10:\"04-11-2026\";i:11;s:10:\"04-12-2026\";i:8;s:10:\"04-13-2026\";i:3;s:10:\"04-14-2026\";i:8;s:10:\"04-15-2026\";i:10;s:10:\"04-16-2026\";i:9;s:10:\"04-17-2026\";i:15;s:10:\"04-18-2026\";i:9;s:10:\"04-19-2026\";i:12;s:10:\"04-20-2026\";i:9;s:10:\"04-21-2026\";i:7;s:10:\"04-22-2026\";i:8;s:10:\"04-23-2026\";i:10;s:10:\"04-24-2026\";i:2;s:10:\"04-26-2026\";i:9;}"],"houzez_recently_viewed":["2026-04-26 17:30:06"],"_elementor_page_assets":["a:0:{}"]},"_links":{"self":[{"href":"https:\/\/simonabranca.com\/pl\/wp-json\/wp\/v2\/properties\/1421","targetHints":{"allow":["GET"]}}],"collection":[{"href":"https:\/\/simonabranca.com\/pl\/wp-json\/wp\/v2\/properties"}],"about":[{"href":"https:\/\/simonabranca.com\/pl\/wp-json\/wp\/v2\/types\/property"}],"version-history":[{"count":1,"href":"https:\/\/simonabranca.com\/pl\/wp-json\/wp\/v2\/properties\/1421\/revisions"}],"predecessor-version":[{"id":1445,"href":"https:\/\/simonabranca.com\/pl\/wp-json\/wp\/v2\/properties\/1421\/revisions\/1445"}],"wp:featuredmedia":[{"embeddable":true,"href":"https:\/\/simonabranca.com\/pl\/wp-json\/wp\/v2\/media\/1422"}],"wp:attachment":[{"href":"https:\/\/simonabranca.com\/pl\/wp-json\/wp\/v2\/media?parent=1421"}],"wp:term":[{"taxonomy":"property_type","embeddable":true,"href":"https:\/\/simonabranca.com\/pl\/wp-json\/wp\/v2\/property_type?post=1421"},{"taxonomy":"property_status","embeddable":true,"href":"https:\/\/simonabranca.com\/pl\/wp-json\/wp\/v2\/property_status?post=1421"},{"taxonomy":"property_feature","embeddable":true,"href":"https:\/\/simonabranca.com\/pl\/wp-json\/wp\/v2\/property_feature?post=1421"},{"taxonomy":"property_label","embeddable":true,"href":"https:\/\/simonabranca.com\/pl\/wp-json\/wp\/v2\/property_label?post=1421"},{"taxonomy":"property_country","embeddable":true,"href":"https:\/\/simonabranca.com\/pl\/wp-json\/wp\/v2\/property_country?post=1421"},{"taxonomy":"property_state","embeddable":true,"href":"https:\/\/simonabranca.com\/pl\/wp-json\/wp\/v2\/property_state?post=1421"},{"taxonomy":"property_city","embeddable":true,"href":"https:\/\/simonabranca.com\/pl\/wp-json\/wp\/v2\/property_city?post=1421"},{"taxonomy":"property_area","embeddable":true,"href":"https:\/\/simonabranca.com\/pl\/wp-json\/wp\/v2\/property_area?post=1421"}],"curies":[{"name":"wp","href":"https:\/\/api.w.org\/{rel}","templated":true}]}}