{"id":743,"date":"2025-12-23T13:33:56","date_gmt":"2025-12-23T12:33:56","guid":{"rendered":"https:\/\/v2.simonabranca.com\/index.php\/property\/chalet-en-venta-en-el-galeon-adeje\/"},"modified":"2026-04-26T18:37:13","modified_gmt":"2026-04-26T16:37:13","slug":"willa-na-sprzedaz-w-el-galeon-adeje","status":"publish","type":"property","link":"https:\/\/simonabranca.com\/pl\/property\/chalet-en-venta-en-el-galeon-adeje\/","title":{"rendered":"Willa na sprzeda\u017c w el Gale\u00f3n Adeje"},"content":{"rendered":"<p>Cena do negocjacji.<\/p>\n<p>Po\u0142o\u017cona w jednej z najbardziej cenionych dzielnic mieszkaniowych Costa Adeje, El Gale\u00f3n, jest ta elegancka dwupi\u0119trowa kamienica w prywatnym kompleksie, kt\u00f3ry oferuje wsp\u00f3lny basen oraz zadbane i spokojne otoczenie. Nieruchomo\u015b\u0107 wyr\u00f3\u017cnia si\u0119 przestronno\u015bci\u0105, funkcjonalno\u015bci\u0105 i doskona\u0142ym stanem zachowania. W piwnicy znajduje si\u0119 zamkni\u0119ty i prywatny gara\u017c o powierzchni 77 m\u00b2 z miejscem na kilka pojazd\u00f3w, a tak\u017ce praktyczne mini mieszkanie, idealne jako oddzielna strefa dla go\u015bci, biuro lub pok\u00f3j rekreacyjny.<\/p>\n<p>Dost\u0119p mo\u017cna uzyska\u0107 zar\u00f3wno z wn\u0119trza nieruchomo\u015bci, jak i przez obszary wsp\u00f3lne. Na parterze znajduje si\u0119 przestronny i jasny salon, niezale\u017cna kuchnia o nowoczesnym designie, w pe\u0142ni wyposa\u017cona w wysokiej klasy sprz\u0119t AGD, toaleta dla go\u015bci oraz spektakularny taras o powierzchni 51 m\u00b2 z pergol\u0105, idealny do korzystania z uprzywilejowanego klimatu po\u0142udnia wyspy.<\/p>\n<p>Na pi\u0119trze znajduje si\u0119 g\u0142\u00f3wna sypialnia z podw\u00f3jnym \u0142\u00f3\u017ckiem i du\u017c\u0105 wbudowan\u0105 szaf\u0105, a tak\u017ce dwie dodatkowe w pe\u0142ni umeblowane i funkcjonalne sypialnie po\u0142\u0105czone korytarzem.<br \/>\nNa tym pi\u0119trze znajduje si\u0119 r\u00f3wnie\u017c drugi prywatny taras o powierzchni 17 m\u00b2. Nieruchomo\u015b\u0107 znajduje si\u0119 w strategicznej lokalizacji, zaledwie kilka minut od centr\u00f3w handlowych, takich jak Gale\u00f3n Outlet, o\u015brodk\u00f3w edukacyjnych, obiekt\u00f3w sportowych, supermarket\u00f3w, transportu publicznego i z \u0142atwym dost\u0119pem do autostrady. Idealna nieruchomo\u015b\u0107 zar\u00f3wno jako miejsce sta\u0142ego zamieszkania, jak i inwestycja, w obszarze o du\u017cym popycie i doskona\u0142ej projekcji.<\/p>\n<p>Informacje zawarte w tym og\u0142oszeniu mog\u0105 zawiera\u0107 b\u0142\u0119dy lub nie\u015bcis\u0142o\u015bci i nie s\u0105 wi\u0105\u017c\u0105ce. - Testowanie: | 28.1179804, -16.7306351<\/p>","protected":false},"excerpt":{"rendered":"<p>Precio Negociable. Ubicada en una de las zonas residenciales m\u00e1s valoradas de Costa Adeje, El Gale\u00f3n, se encuentra esta elegante casa adosada de dos plantas dentro de un complejo privado que ofrece piscina comunitaria y un entorno cuidado y tranquilo. La propiedad destaca por su amplitud, funcionalidad y excelente estado de conservaci\u00f3n. En la planta [&hellip;]<\/p>\n","protected":false},"author":1,"featured_media":777,"parent":0,"menu_order":0,"template":"","property_type":[15],"property_status":[17],"property_feature":[],"property_label":[],"property_country":[],"property_state":[13],"property_city":[5],"property_area":[],"class_list":["post-743","property","type-property","status-publish","has-post-thumbnail","hentry","property_type-casa-chalet","property_status-en-venta","property_state-santa-cruz-de-tenerife","property_city-adeje"],"property_meta":{"_imported_ref_1766492416":["4214461"],"_property_import_data":["<?xml version=\"1.0\"?>\n<property>\n    \n        <id>4214461<\/id>\n    \n\n    <ref>PCGT-5<\/ref>\n\n    \n    <date>2026-02-09 08:15:00<\/date>\n    \n      \n        <price>550000<\/price>\n      \n    \n    <currency>EUR<\/currency>\n    \n    \n    <price_freq>sale<\/price_freq>\n    \n    \n    \n    \n    <type>Villa<\/type>\n    \n    \n    <town>Adeje<\/town>\n    <province>Santa Cruz de Tenerife<\/province>\n    \n    <country>Espa&#xF1;a<\/country>\n    \n    <location>\n        <latitude>28.1179804<\/latitude>\n        <longitude>-16.7306351<\/longitude>\n    <\/location>\n    \n        <location_detail>Calle la Botavara, 5, 38670<\/location_detail>\n    \n    <beds>3<\/beds>\n    <baths>3<\/baths>\n    <surface_area>\n        \n            <built>279<\/built>\n        \n        \n    <\/surface_area>\n    <energy_rating>\n      \n        <consumption>X<\/consumption>\n      \n      \n        <emissions>X<\/emissions>\n      \n      \n    <\/energy_rating>\n    \n    \n        \n            <url>\n                <es>http:\/\/pcgt.pruebas.witei.com\/house\/4214461-chalet-en-venta-en-el-galeon-adeje-550000eur-PCGT5\/<\/es>\n            <\/url>\n        \n    \n    \n    <desc>\n        \n        <es>Precio Negociable.\n\nUbicada en una de las zonas residenciales m&#xE1;s valoradas de Costa Adeje, El Gale&#xF3;n, se encuentra esta elegante casa adosada de dos plantas dentro de un complejo privado que ofrece piscina comunitaria y un entorno cuidado y tranquilo. La propiedad destaca por su amplitud, funcionalidad y excelente estado de conservaci&#xF3;n. En la planta s&#xF3;tano dispone de un garaje cerrado y privado de 77 m&#xB2; con capacidad para varios veh&#xED;culos, adem&#xE1;s de un pr&#xE1;ctico mini apartamento, perfecto como zona independiente para invitados, despacho o sala de ocio.\n\nEl acceso puede realizarse tanto desde el interior de la vivienda como a trav&#xE9;s de las zonas comunes. En la planta baja se encuentra un sal&#xF3;n amplio y luminoso, una cocina independiente de dise&#xF1;o moderno totalmente equipada con electrodom&#xE9;sticos de alta gama, un aseo de cortes&#xED;a y una espectacular terraza de 51 m&#xB2; con p&#xE9;rgola, ideal para disfrutar del clima privilegiado del sur de la isla.\n\nEn la planta alta se ubica el dormitorio principal, que cuenta con cama de matrimonio y un gran armario empotrado, adem&#xE1;s de dos habitaciones adicionales completamente amuebladas y funcionales, conectadas a trav&#xE9;s de un pasillo distribuidor.\nEsta planta tambi&#xE9;n cuenta con una segunda terraza privada de 17 m&#xB2;. La vivienda se encuentra en una ubicaci&#xF3;n estrat&#xE9;gica, a escasos minutos de centros comerciales como Gale&#xF3;n Outlet, centros educativos, instalaciones deportivas, supermercados, transporte p&#xFA;blico y con f&#xE1;cil acceso a la autopista. Una propiedad ideal tanto como residencia habitual como para inversi&#xF3;n, en una zona de alta demanda y excelente proyecci&#xF3;n.\n\nLa informaci&#xF3;n contenida en este anuncio puede incluir errores o imprecisiones y no tiene car&#xE1;cter vinculante.<\/es>\n        \n        \n        \n        \n        \n        \n        \n        \n        \n        \n        \n    <\/desc>\n    \n    \n    \n    <pool>1<\/pool>\n    \n    <features>\n        \n        <feature>armarios empotrados<\/feature>\n        \n        <feature>cocina amueblada<\/feature>\n        \n        <feature>cocina equipada<\/feature>\n        \n        <feature>edificio con garaje<\/feature>\n        \n        <feature>exterior<\/feature>\n        \n        <feature>luminoso<\/feature>\n        \n        <feature>piscina<\/feature>\n        \n        <feature>terraza<\/feature>\n        \n    <\/features>\n    \n    \n    \n    <images>\n        \n        <image id=\"1\">\n            <url>https:\/\/d2ctzk1imdlpfx.cloudfront.net\/pics\/4214461-288a82b5.jpg<\/url>\n        <\/image>\n        \n        <image id=\"2\">\n            <url>https:\/\/d2ctzk1imdlpfx.cloudfront.net\/pics\/4214461-f8f4571d.jpg<\/url>\n        <\/image>\n        \n        <image id=\"3\">\n            <url>https:\/\/d2ctzk1imdlpfx.cloudfront.net\/pics\/4214461-5b15b3b0.jpg<\/url>\n        <\/image>\n        \n        <image id=\"4\">\n            <url>https:\/\/d2ctzk1imdlpfx.cloudfront.net\/pics\/4214461-45be323b.jpg<\/url>\n        <\/image>\n        \n        <image id=\"5\">\n            <url>https:\/\/d2ctzk1imdlpfx.cloudfront.net\/pics\/4214461-2713aa02.jpg<\/url>\n        <\/image>\n        \n        <image id=\"6\">\n            <url>https:\/\/d2ctzk1imdlpfx.cloudfront.net\/pics\/4214461-cd86c0ae.jpg<\/url>\n        <\/image>\n        \n        <image id=\"7\">\n            <url>https:\/\/d2ctzk1imdlpfx.cloudfront.net\/pics\/4214461-773f9a8f.jpg<\/url>\n        <\/image>\n        \n        <image id=\"8\">\n            <url>https:\/\/d2ctzk1imdlpfx.cloudfront.net\/pics\/4214461-6eb2a3e1.jpg<\/url>\n        <\/image>\n        \n        <image id=\"9\">\n            <url>https:\/\/d2ctzk1imdlpfx.cloudfront.net\/pics\/4214461-bf9cdddc.jpg<\/url>\n        <\/image>\n        \n        <image id=\"10\">\n            <url>https:\/\/d2ctzk1imdlpfx.cloudfront.net\/pics\/4214461-eb8ea290.jpg<\/url>\n        <\/image>\n        \n        <image id=\"11\">\n            <url>https:\/\/d2ctzk1imdlpfx.cloudfront.net\/pics\/4214461-f61a8857.jpg<\/url>\n        <\/image>\n        \n        <image id=\"12\">\n            <url>https:\/\/d2ctzk1imdlpfx.cloudfront.net\/pics\/4214461-452fb1ab.jpg<\/url>\n        <\/image>\n        \n        <image id=\"13\">\n            <url>https:\/\/d2ctzk1imdlpfx.cloudfront.net\/pics\/4214461-ee696665.jpg<\/url>\n        <\/image>\n        \n        <image id=\"14\">\n            <url>https:\/\/d2ctzk1imdlpfx.cloudfront.net\/pics\/4214461-19948475.jpg<\/url>\n        <\/image>\n        \n        <image id=\"15\">\n            <url>https:\/\/d2ctzk1imdlpfx.cloudfront.net\/pics\/4214461-8758b01e.jpg<\/url>\n        <\/image>\n        \n        <image id=\"16\">\n            <url>https:\/\/d2ctzk1imdlpfx.cloudfront.net\/pics\/4214461-41bdb3f5.jpg<\/url>\n        <\/image>\n        \n        <image id=\"17\">\n            <url>https:\/\/d2ctzk1imdlpfx.cloudfront.net\/pics\/4214461-809b59c7.jpg<\/url>\n        <\/image>\n        \n        <image id=\"18\">\n            <url>https:\/\/d2ctzk1imdlpfx.cloudfront.net\/pics\/4214461-7ed18633.jpg<\/url>\n        <\/image>\n        \n        <image id=\"19\">\n            <url>https:\/\/d2ctzk1imdlpfx.cloudfront.net\/pics\/4214461-4fd638b8.jpg<\/url>\n        <\/image>\n        \n        <image id=\"20\">\n            <url>https:\/\/d2ctzk1imdlpfx.cloudfront.net\/pics\/4214461-99a001e1.jpg<\/url>\n        <\/image>\n        \n    <\/images>\n    \n\n    \n    \n        \n    \n\n\n    \n    \n        <title>Chalet en venta en el Gale&#xF3;n Adeje<\/title>\n    \n    <district\/>\n    <zone\/>\n    <wi_data>\n        <videos>\n            \n            \n        <\/videos>\n        <type_es>Casa \/ Chalet<\/type_es>\n        <show_price>1<\/show_price>\n        <postalcode>38670<\/postalcode>\n        <district\/>\n        \n            <urbanization>Botavara<\/urbanization>\n        \n        \n        <zone\/>\n        \n        \n            <title>Chalet en venta en el Gale&#xF3;n Adeje<\/title>\n        \n        <titles>\n            \n            <es>Chalet en venta en el Gale&#xF3;n Adeje<\/es>\n            \n            \n            \n            \n            \n            \n            \n            \n            \n            \n            \n        <\/titles>\n        \n        \n        \n        \n\n    <\/wi_data>\n\n    \n<\/property>\n"],"images_stored_as_urls":[""],"fave_property_bedrooms":["3"],"fave_property_bathrooms":["3"],"fave_property_price":["550000"],"fave_loggedintoview":["0"],"fave_single_content_area":["global"],"fave_single_top_area":["global"],"fave_prop_homeslider":["no"],"fave_featured":["0"],"houzez_featured_listing_date":[""],"_property_import_data_time":["1777221433"],"fave_property_id":["PCGT-5"],"_thumbnail_id":["777"],"fave_property_images":["777","789","790","863","864","865","866","867","868","869","870","871","872","873","874","875","876","877","878","879"],"fave_property_location":["28.1179804,-16.7306351,14"],"houzez_geolocation_lat":["28.1179804"],"houzez_geolocation_long":["-16.7306351"],"houzez_total_property_views":["565"],"houzez_views_by_date":["a:61:{s:10:\"02-20-2026\";i:6;s:10:\"02-22-2026\";i:2;s:10:\"02-23-2026\";i:4;s:10:\"02-25-2026\";i:26;s:10:\"02-26-2026\";i:2;s:10:\"02-27-2026\";i:1;s:10:\"02-28-2026\";i:1;s:10:\"03-01-2026\";i:8;s:10:\"03-02-2026\";i:1;s:10:\"03-03-2026\";i:16;s:10:\"03-04-2026\";i:5;s:10:\"03-05-2026\";i:1;s:10:\"03-06-2026\";i:2;s:10:\"03-08-2026\";i:2;s:10:\"03-09-2026\";i:7;s:10:\"03-10-2026\";i:1;s:10:\"03-11-2026\";i:4;s:10:\"03-12-2026\";i:3;s:10:\"03-13-2026\";i:2;s:10:\"03-14-2026\";i:3;s:10:\"03-15-2026\";i:8;s:10:\"03-16-2026\";i:4;s:10:\"03-17-2026\";i:8;s:10:\"03-18-2026\";i:2;s:10:\"03-20-2026\";i:1;s:10:\"03-21-2026\";i:9;s:10:\"03-22-2026\";i:1;s:10:\"03-23-2026\";i:3;s:10:\"03-24-2026\";i:1;s:10:\"03-25-2026\";i:4;s:10:\"03-26-2026\";i:1;s:10:\"03-27-2026\";i:4;s:10:\"03-28-2026\";i:9;s:10:\"03-29-2026\";i:1;s:10:\"03-30-2026\";i:3;s:10:\"03-31-2026\";i:4;s:10:\"04-01-2026\";i:12;s:10:\"04-02-2026\";i:2;s:10:\"04-03-2026\";i:14;s:10:\"04-04-2026\";i:2;s:10:\"04-05-2026\";i:5;s:10:\"04-06-2026\";i:12;s:10:\"04-07-2026\";i:1;s:10:\"04-08-2026\";i:5;s:10:\"04-09-2026\";i:4;s:10:\"04-10-2026\";i:4;s:10:\"04-11-2026\";i:9;s:10:\"04-12-2026\";i:4;s:10:\"04-13-2026\";i:3;s:10:\"04-14-2026\";i:2;s:10:\"04-15-2026\";i:4;s:10:\"04-16-2026\";i:4;s:10:\"04-17-2026\";i:10;s:10:\"04-18-2026\";i:3;s:10:\"04-19-2026\";i:6;s:10:\"04-20-2026\";i:1;s:10:\"04-21-2026\";i:15;s:10:\"04-22-2026\";i:5;s:10:\"04-23-2026\";i:10;s:10:\"04-24-2026\";i:1;s:10:\"04-26-2026\";i:5;}"],"houzez_recently_viewed":["2026-04-26 17:43:43"],"fave_property_zip":["38670"],"fave_property_size":["279"],"fave_video_url":[""],"fave_property_map":["1"],"fave_agent_display_option":["agency_info"],"fave_property_agency":["960"],"_trp_automatically_translated_slug_en_GB":["villa-for-sale-in-el-galeon-adeje"],"_trp_automatically_translated_slug_de_DE_formal":["villa-zu-verkaufen-in-el-galeon-adeje"],"_trp_automatically_translated_slug_ru_RU":["\u0432\u0438\u043b\u043b\u0430-\u043d\u0430-\u043f\u0440\u043e\u0434\u0430\u0436\u0443-\u0432-\u044d\u043b\u044c-\u0433\u0430\u043b\u0435\u043e\u043d-\u0430\u0434\u0435\u0445\u0435"],"_trp_automatically_translated_slug_it_IT":["villa-in-vendita-a-el-galeon-adeje"],"_trp_automatically_translated_slug_fr_FR":["villa-a-vendre-dans-el-galeon-adeje"],"_trp_automatically_translated_slug_zh_CN":["el-galeon-adeje\u522b\u5885\u51fa\u552e"],"_elementor_page_assets":["a:0:{}"]},"_links":{"self":[{"href":"https:\/\/simonabranca.com\/pl\/wp-json\/wp\/v2\/properties\/743","targetHints":{"allow":["GET"]}}],"collection":[{"href":"https:\/\/simonabranca.com\/pl\/wp-json\/wp\/v2\/properties"}],"about":[{"href":"https:\/\/simonabranca.com\/pl\/wp-json\/wp\/v2\/types\/property"}],"author":[{"embeddable":true,"href":"https:\/\/simonabranca.com\/pl\/wp-json\/wp\/v2\/users\/1"}],"version-history":[{"count":5,"href":"https:\/\/simonabranca.com\/pl\/wp-json\/wp\/v2\/properties\/743\/revisions"}],"predecessor-version":[{"id":947,"href":"https:\/\/simonabranca.com\/pl\/wp-json\/wp\/v2\/properties\/743\/revisions\/947"}],"wp:featuredmedia":[{"embeddable":true,"href":"https:\/\/simonabranca.com\/pl\/wp-json\/wp\/v2\/media\/777"}],"wp:attachment":[{"href":"https:\/\/simonabranca.com\/pl\/wp-json\/wp\/v2\/media?parent=743"}],"wp:term":[{"taxonomy":"property_type","embeddable":true,"href":"https:\/\/simonabranca.com\/pl\/wp-json\/wp\/v2\/property_type?post=743"},{"taxonomy":"property_status","embeddable":true,"href":"https:\/\/simonabranca.com\/pl\/wp-json\/wp\/v2\/property_status?post=743"},{"taxonomy":"property_feature","embeddable":true,"href":"https:\/\/simonabranca.com\/pl\/wp-json\/wp\/v2\/property_feature?post=743"},{"taxonomy":"property_label","embeddable":true,"href":"https:\/\/simonabranca.com\/pl\/wp-json\/wp\/v2\/property_label?post=743"},{"taxonomy":"property_country","embeddable":true,"href":"https:\/\/simonabranca.com\/pl\/wp-json\/wp\/v2\/property_country?post=743"},{"taxonomy":"property_state","embeddable":true,"href":"https:\/\/simonabranca.com\/pl\/wp-json\/wp\/v2\/property_state?post=743"},{"taxonomy":"property_city","embeddable":true,"href":"https:\/\/simonabranca.com\/pl\/wp-json\/wp\/v2\/property_city?post=743"},{"taxonomy":"property_area","embeddable":true,"href":"https:\/\/simonabranca.com\/pl\/wp-json\/wp\/v2\/property_area?post=743"}],"curies":[{"name":"wp","href":"https:\/\/api.w.org\/{rel}","templated":true}]}}