{"id":746,"date":"2025-12-23T13:33:56","date_gmt":"2025-12-23T12:33:56","guid":{"rendered":"https:\/\/v2.simonabranca.com\/index.php\/property\/piso-centrico-de-1-habitacion-en-el-corazon-de-playa-las-americas\/"},"modified":"2026-04-26T18:37:13","modified_gmt":"2026-04-26T16:37:13","slug":"centralne-mieszkanie-z-1-sypialnia-w-samym-sercu-plazy-playa-las-americas","status":"publish","type":"property","link":"https:\/\/simonabranca.com\/pl\/property\/piso-centrico-de-1-habitacion-en-el-corazon-de-playa-las-americas\/","title":{"rendered":"Centralnie po\u0142o\u017cony apartament z 1 sypialni\u0105 w samym sercu Playa las Americas"},"content":{"rendered":"<p>Nowo wyremontowane i w pe\u0142ni umeblowane mieszkanie po\u0142o\u017cone na parterze presti\u017cowego budynku Azahara Playa III, w samym sercu Las Americas.<\/p>\n<p>Nieruchomo\u015b\u0107 o powierzchni 70 m\u00b2 wyr\u00f3\u017cnia si\u0119 orientacj\u0105 po\u0142udniow\u0105, kt\u00f3ra gwarantuje optymalne o\u015bwietlenie przez ca\u0142y dzie\u0144, a tak\u017ce renowacj\u0105 wykonan\u0105 z wysokiej jako\u015bci materia\u0142\u00f3w, w tym imitacji marmuru, kt\u00f3ra zapewnia eleganckie i nowoczesne wyko\u0144czenie.<\/p>\n<p>G\u0142\u00f3wna sypialnia oferuje przestronno\u015b\u0107, podw\u00f3jne \u0142\u00f3\u017cko z materacem o wysokim komforcie i wbudowan\u0105 szaf\u0119, a tak\u017ce \u0142azienk\u0119 z prysznicem i nowoczesn\u0105 estetyk\u0119.<\/p>\n<p>Przestronny i dobrze zaprojektowany salon \/ kuchnia integruje salon i jadalni\u0119, oferuj\u0105c funkcjonaln\u0105 i przyjemn\u0105 przestrze\u0144. Nieruchomo\u015b\u0107 obejmuje r\u00f3wnie\u017c zadaszony wewn\u0119trzny taras, kt\u00f3ry mo\u017ce by\u0107 wykorzystany jako druga sypialnia, prywatne biuro lub cz\u0119\u015b\u0107 rekreacyjna, a tak\u017ce dodatkow\u0105 \u0142azienk\u0119 z prysznicem znajduj\u0105c\u0105 si\u0119 obok salonu.<\/p>\n<p>Kompleks Azahara Playa III posiada wind\u0119, starannie utrzymane ogrody i wsp\u00f3lny basen z solarium i le\u017cakami, zapewniaj\u0105c dobre samopoczucie i ekskluzywno\u015b\u0107. Jego lokalizacja jest bezkonkurencyjna, z pla\u017c\u0105, sklepami, restauracjami i transportem publicznym w odleg\u0142o\u015bci spaceru, co czyni t\u0119 nieruchomo\u015b\u0107 bardzo atrakcyjn\u0105 opcj\u0105 zar\u00f3wno do zamieszkania, jak i wysokiej klasy inwestycji.<\/p>\n<p>Istnieje r\u00f3wnie\u017c mo\u017cliwo\u015b\u0107 sprzeda\u017cy z opcj\u0105 kupna.<\/p>\n<p>Informacje zawarte w tym og\u0142oszeniu mog\u0105 zawiera\u0107 b\u0142\u0119dy lub nie\u015bcis\u0142o\u015bci i nie s\u0105 wi\u0105\u017c\u0105ce. - Testowanie: | 28.056319716, -16.72264388<\/p>","protected":false},"excerpt":{"rendered":"<p>Piso reci\u00e9n reformado y completamente amueblado situado en la planta baja del prestigioso edificio Azahara Playa III, en pleno coraz\u00f3n de Las Am\u00e9ricas. La propiedad, de 70 m\u00b2, destaca por su orientaci\u00f3n sur, que garantiza una luminosidad \u00f3ptima durante todo el d\u00eda, y por una reforma ejecutada con materiales de calidad, incluyendo gres de imitaci\u00f3n [&hellip;]<\/p>\n","protected":false},"author":1,"featured_media":780,"parent":0,"menu_order":0,"template":"","property_type":[14],"property_status":[17],"property_feature":[],"property_label":[],"property_country":[],"property_state":[13],"property_city":[8],"property_area":[],"class_list":["post-746","property","type-property","status-publish","has-post-thumbnail","hentry","property_type-piso","property_status-en-venta","property_state-santa-cruz-de-tenerife","property_city-las-americas"],"property_meta":{"_imported_ref_1766492416":["4213482"],"_property_import_data":["<?xml version=\"1.0\"?>\n<property>\n    \n        <id>4213482<\/id>\n    \n\n    <ref>PCGT-2<\/ref>\n\n    \n    <date>2025-12-07 15:54:55<\/date>\n    \n      \n        <price>445000<\/price>\n      \n    \n    <currency>EUR<\/currency>\n    \n    \n    <price_freq>sale<\/price_freq>\n    \n    \n    \n    \n    <type>Flat<\/type>\n    \n    \n    <town>las americas<\/town>\n    <province>santa cruz de tenerife<\/province>\n    \n    <country>Espa&#xF1;a<\/country>\n    \n    <location>\n        <latitude>28.056319716<\/latitude>\n        <longitude>-16.72264388<\/longitude>\n    <\/location>\n    \n        <location_detail>calle finlandia, 1, 38650<\/location_detail>\n    \n    <beds>1<\/beds>\n    <baths>2<\/baths>\n    <surface_area>\n        \n            <built>75<\/built>\n        \n        \n    <\/surface_area>\n    <energy_rating>\n      \n        <consumption>X<\/consumption>\n      \n      \n        <emissions>X<\/emissions>\n      \n      \n    <\/energy_rating>\n    \n      <catastral>0646403CS3004N0198OX<\/catastral>\n    \n    \n        \n            <url>\n                <es>http:\/\/pcgt.pruebas.witei.com\/house\/4213482-piso-centrico-de-1-habitacion-en-el-corazon-de-playa-las-americas-445000eur-PCGT2\/<\/es>\n            <\/url>\n        \n    \n    \n    <desc>\n        \n        <es>Piso reci&#xE9;n reformado y completamente amueblado situado en la planta baja del prestigioso edificio Azahara Playa III, en pleno coraz&#xF3;n de Las Am&#xE9;ricas.\n\nLa propiedad, de 70 m&#xB2;, destaca por su orientaci&#xF3;n sur, que garantiza una luminosidad &#xF3;ptima durante todo el d&#xED;a, y por una reforma ejecutada con materiales de calidad, incluyendo gres de imitaci&#xF3;n m&#xE1;rmol, que aporta un acabado elegante y contempor&#xE1;neo.\n\nEl dormitorio principal ofrece amplitud, cama de matrimonio con colch&#xF3;n de alto confort y armario integrado, adem&#xE1;s de un ba&#xF1;o en suite con ducha y una est&#xE9;tica moderna.\n\nEl sal&#xF3;n-cocina, amplio y bien resuelto, integra zona de estar y comedor, ofreciendo un espacio funcional y agradable. La vivienda incorpora tambi&#xE9;n una terraza interior cubierta, con potencial para habilitarse como segunda habitaci&#xF3;n, despacho privado o zona de recreo, as&#xED; como un ba&#xF1;o adicional con ducha ubicado junto al sal&#xF3;n.\n\nEl complejo Azahara Playa III dispone de ascensor, &#xE1;reas ajardinadas cuidadosamente mantenidas y una piscina comunitaria con sol&#xE1;rium y tumbonas, aportando un entorno de bienestar y exclusividad. Su ubicaci&#xF3;n es inmejorable, con la playa, comercios, restauraci&#xF3;n y transporte p&#xFA;blico a pocos pasos, lo que convierte esta propiedad en una opci&#xF3;n muy atractiva tanto para residencia como para inversi&#xF3;n de alto nivel.\n\nSe ofrece, adem&#xE1;s, la posibilidad de venta con opci&#xF3;n de compra.\n\nLa informaci&#xF3;n contenida en este anuncio puede incluir errores o imprecisiones y no tiene car&#xE1;cter vinculante.<\/es>\n        \n        \n        \n        \n        \n        \n        \n        \n        \n        \n        \n    <\/desc>\n    \n    \n    \n    <features>\n        \n        <feature>amueblado<\/feature>\n        \n        <feature>ascensor<\/feature>\n        \n        <feature>cocina amueblada<\/feature>\n        \n        <feature>cocina equipada<\/feature>\n        \n        <feature>luminoso<\/feature>\n        \n    <\/features>\n    \n    \n    \n    <images>\n        \n        <image id=\"1\">\n            <url>https:\/\/d2ctzk1imdlpfx.cloudfront.net\/pics\/4213482-0955187e.jpg<\/url>\n        <\/image>\n        \n        <image id=\"2\">\n            <url>https:\/\/d2ctzk1imdlpfx.cloudfront.net\/pics\/4213482-faded679.jpg<\/url>\n        <\/image>\n        \n        <image id=\"3\">\n            <url>https:\/\/d2ctzk1imdlpfx.cloudfront.net\/pics\/4213482-ff308e09.jpg<\/url>\n        <\/image>\n        \n        <image id=\"4\">\n            <url>https:\/\/d2ctzk1imdlpfx.cloudfront.net\/pics\/4213482-3ea67fce.jpg<\/url>\n        <\/image>\n        \n        <image id=\"5\">\n            <url>https:\/\/d2ctzk1imdlpfx.cloudfront.net\/pics\/4213482-04196cc2.jpg<\/url>\n        <\/image>\n        \n        <image id=\"6\">\n            <url>https:\/\/d2ctzk1imdlpfx.cloudfront.net\/pics\/4213482-dedda801.jpg<\/url>\n        <\/image>\n        \n        <image id=\"7\">\n            <url>https:\/\/d2ctzk1imdlpfx.cloudfront.net\/pics\/4213482-e3cb7215.jpg<\/url>\n        <\/image>\n        \n        <image id=\"8\">\n            <url>https:\/\/d2ctzk1imdlpfx.cloudfront.net\/pics\/4213482-25c97637.jpg<\/url>\n        <\/image>\n        \n        <image id=\"9\">\n            <url>https:\/\/d2ctzk1imdlpfx.cloudfront.net\/pics\/4213482-64d6476c.jpg<\/url>\n        <\/image>\n        \n        <image id=\"10\">\n            <url>https:\/\/d2ctzk1imdlpfx.cloudfront.net\/pics\/4213482-f973dce0.jpg<\/url>\n        <\/image>\n        \n        <image id=\"11\">\n            <url>https:\/\/d2ctzk1imdlpfx.cloudfront.net\/pics\/4213482-51e157fd.jpg<\/url>\n        <\/image>\n        \n        <image id=\"12\">\n            <url>https:\/\/d2ctzk1imdlpfx.cloudfront.net\/pics\/4213482-c124f2b6.jpg<\/url>\n        <\/image>\n        \n        <image id=\"13\">\n            <url>https:\/\/d2ctzk1imdlpfx.cloudfront.net\/pics\/4213482-359a10c8.jpg<\/url>\n        <\/image>\n        \n        <image id=\"14\">\n            <url>https:\/\/d2ctzk1imdlpfx.cloudfront.net\/pics\/4213482-6b521678.jpg<\/url>\n        <\/image>\n        \n        <image id=\"15\">\n            <url>https:\/\/d2ctzk1imdlpfx.cloudfront.net\/pics\/4213482-8186df10.jpg<\/url>\n        <\/image>\n        \n        <image id=\"16\">\n            <url>https:\/\/d2ctzk1imdlpfx.cloudfront.net\/pics\/4213482-3fd61c79.jpg<\/url>\n        <\/image>\n        \n        <image id=\"17\">\n            <url>https:\/\/d2ctzk1imdlpfx.cloudfront.net\/pics\/4213482-1c09e7f6.jpg<\/url>\n        <\/image>\n        \n    <\/images>\n    \n\n    \n    \n        \n    \n\n\n    \n    \n        <title>Piso centrico de 1 habitaci&#xF3;n en el coraz&#xF3;n de Playa las Americas<\/title>\n    \n    <district\/>\n    <zone\/>\n    <wi_data>\n        <videos>\n            \n            \n        <\/videos>\n        <type_es>Piso<\/type_es>\n        <show_price>1<\/show_price>\n        <postalcode>38650<\/postalcode>\n        <district\/>\n        \n            <urbanization>Azahara Playa III<\/urbanization>\n        \n        \n            <year_built>1982<\/year_built>\n        \n        <zone\/>\n        \n        \n            <title>Piso centrico de 1 habitaci&#xF3;n en el coraz&#xF3;n de Playa las Americas<\/title>\n        \n        <titles>\n            \n            <es>Piso centrico de 1 habitaci&#xF3;n en el coraz&#xF3;n de Playa las Americas<\/es>\n            \n            \n            \n            \n            \n            \n            \n            \n            \n            \n            \n        <\/titles>\n        \n        \n        \n        \n\n    <\/wi_data>\n\n    \n<\/property>\n"],"images_stored_as_urls":[""],"fave_property_bedrooms":["1"],"fave_property_bathrooms":["2"],"fave_property_price":["445000"],"fave_loggedintoview":["0"],"fave_single_content_area":["global"],"fave_single_top_area":["global"],"fave_prop_homeslider":["no"],"fave_featured":["0"],"houzez_featured_listing_date":[""],"_property_import_data_time":["1777221433"],"fave_property_id":["PCGT-2"],"fave_property_year":["1982"],"_thumbnail_id":["780"],"houzez_total_property_views":["682"],"houzez_views_by_date":["a:61:{s:10:\"02-22-2026\";i:4;s:10:\"02-23-2026\";i:5;s:10:\"02-24-2026\";i:1;s:10:\"02-25-2026\";i:20;s:10:\"02-26-2026\";i:4;s:10:\"02-28-2026\";i:2;s:10:\"03-01-2026\";i:7;s:10:\"03-02-2026\";i:1;s:10:\"03-03-2026\";i:16;s:10:\"03-05-2026\";i:1;s:10:\"03-06-2026\";i:1;s:10:\"03-08-2026\";i:1;s:10:\"03-09-2026\";i:8;s:10:\"03-10-2026\";i:1;s:10:\"03-11-2026\";i:2;s:10:\"03-12-2026\";i:1;s:10:\"03-13-2026\";i:5;s:10:\"03-14-2026\";i:3;s:10:\"03-15-2026\";i:13;s:10:\"03-16-2026\";i:1;s:10:\"03-17-2026\";i:11;s:10:\"03-18-2026\";i:4;s:10:\"03-19-2026\";i:1;s:10:\"03-20-2026\";i:2;s:10:\"03-21-2026\";i:9;s:10:\"03-22-2026\";i:3;s:10:\"03-23-2026\";i:1;s:10:\"03-24-2026\";i:1;s:10:\"03-25-2026\";i:6;s:10:\"03-26-2026\";i:1;s:10:\"03-27-2026\";i:3;s:10:\"03-28-2026\";i:9;s:10:\"03-29-2026\";i:2;s:10:\"03-30-2026\";i:5;s:10:\"03-31-2026\";i:4;s:10:\"04-01-2026\";i:12;s:10:\"04-02-2026\";i:3;s:10:\"04-03-2026\";i:16;s:10:\"04-04-2026\";i:3;s:10:\"04-05-2026\";i:8;s:10:\"04-06-2026\";i:13;s:10:\"04-07-2026\";i:2;s:10:\"04-08-2026\";i:5;s:10:\"04-09-2026\";i:6;s:10:\"04-10-2026\";i:3;s:10:\"04-11-2026\";i:10;s:10:\"04-12-2026\";i:7;s:10:\"04-13-2026\";i:7;s:10:\"04-14-2026\";i:11;s:10:\"04-15-2026\";i:10;s:10:\"04-16-2026\";i:5;s:10:\"04-17-2026\";i:13;s:10:\"04-18-2026\";i:3;s:10:\"04-19-2026\";i:9;s:10:\"04-20-2026\";i:6;s:10:\"04-21-2026\";i:11;s:10:\"04-22-2026\";i:6;s:10:\"04-23-2026\";i:16;s:10:\"04-24-2026\";i:4;s:10:\"04-25-2026\";i:2;s:10:\"04-26-2026\";i:14;}"],"houzez_recently_viewed":["2026-04-26 18:49:17"],"_oembed_5d5e3c12a3225e75e7ff7842a414f081":["{{unknown}}"],"fave_property_images":["780","795","796","913","914","915","916","917","918","919","920","921","922","923","924","925","926"],"fave_property_location":["28.056319716,-16.72264388,14"],"houzez_geolocation_lat":["28.056319716"],"houzez_geolocation_long":["-16.72264388"],"fave_property_zip":["38650"],"fave_property_size":["75"],"fave_video_url":[""],"fave_property_map":["1"],"fave_agent_display_option":["agency_info"],"fave_property_agency":["960"],"_trp_automatically_translated_slug_ru_RU":["\u0446\u0435\u043d\u0442\u0440\u0430\u043b\u044c\u043d\u0430\u044f-\u043a\u0432\u0430\u0440\u0442\u0438\u0440\u0430-\u0441-1-\u0441\u043f\u0430\u043b\u044c\u043d\u0435\u0439-\u0432-\u0441\u0430\u043c"],"_trp_automatically_translated_slug_it_IT":["appartamento-centrale-con-1-camera-da-letto-nel-cuore-della-spiaggia-di-playa-las-americas"],"_trp_automatically_translated_slug_en_GB":["central-1-bedroom-flat-in-the-heart-of-playa-las-americas-beach"],"_trp_automatically_translated_slug_fr_FR":["appartement-central-dune-chambre-au-coeur-de-la-plage-de-playa-las-americas"],"_trp_automatically_translated_slug_de_DE_formal":["zentrale-wohnung-mit-1-schlafzimmer-im-herzen-des-strandes-playa-las-americas"],"_trp_automatically_translated_slug_zh_CN":["\u4f4d\u4e8e\u62c9\u4e01\u7f8e\u6d32\u6d77\u6ee9\u4e2d\u5fc3\u5730\u5e26\u7684\u4e2d\u592e\u4e00\u5c45\u5ba4\u516c\u5bd3"],"_elementor_page_assets":["a:0:{}"]},"_links":{"self":[{"href":"https:\/\/simonabranca.com\/pl\/wp-json\/wp\/v2\/properties\/746","targetHints":{"allow":["GET"]}}],"collection":[{"href":"https:\/\/simonabranca.com\/pl\/wp-json\/wp\/v2\/properties"}],"about":[{"href":"https:\/\/simonabranca.com\/pl\/wp-json\/wp\/v2\/types\/property"}],"author":[{"embeddable":true,"href":"https:\/\/simonabranca.com\/pl\/wp-json\/wp\/v2\/users\/1"}],"version-history":[{"count":5,"href":"https:\/\/simonabranca.com\/pl\/wp-json\/wp\/v2\/properties\/746\/revisions"}],"predecessor-version":[{"id":950,"href":"https:\/\/simonabranca.com\/pl\/wp-json\/wp\/v2\/properties\/746\/revisions\/950"}],"wp:featuredmedia":[{"embeddable":true,"href":"https:\/\/simonabranca.com\/pl\/wp-json\/wp\/v2\/media\/780"}],"wp:attachment":[{"href":"https:\/\/simonabranca.com\/pl\/wp-json\/wp\/v2\/media?parent=746"}],"wp:term":[{"taxonomy":"property_type","embeddable":true,"href":"https:\/\/simonabranca.com\/pl\/wp-json\/wp\/v2\/property_type?post=746"},{"taxonomy":"property_status","embeddable":true,"href":"https:\/\/simonabranca.com\/pl\/wp-json\/wp\/v2\/property_status?post=746"},{"taxonomy":"property_feature","embeddable":true,"href":"https:\/\/simonabranca.com\/pl\/wp-json\/wp\/v2\/property_feature?post=746"},{"taxonomy":"property_label","embeddable":true,"href":"https:\/\/simonabranca.com\/pl\/wp-json\/wp\/v2\/property_label?post=746"},{"taxonomy":"property_country","embeddable":true,"href":"https:\/\/simonabranca.com\/pl\/wp-json\/wp\/v2\/property_country?post=746"},{"taxonomy":"property_state","embeddable":true,"href":"https:\/\/simonabranca.com\/pl\/wp-json\/wp\/v2\/property_state?post=746"},{"taxonomy":"property_city","embeddable":true,"href":"https:\/\/simonabranca.com\/pl\/wp-json\/wp\/v2\/property_city?post=746"},{"taxonomy":"property_area","embeddable":true,"href":"https:\/\/simonabranca.com\/pl\/wp-json\/wp\/v2\/property_area?post=746"}],"curies":[{"name":"wp","href":"https:\/\/api.w.org\/{rel}","templated":true}]}}